{"id":458,"date":"2019-12-12T11:12:02","date_gmt":"2019-12-12T10:12:02","guid":{"rendered":"http:\/\/ifsancho.com\/?page_id=458"},"modified":"2020-01-10T11:55:50","modified_gmt":"2020-01-10T10:55:50","slug":"diseno-editorial-portfolio","status":"publish","type":"page","link":"https:\/\/ifsancho.com\/index.php\/diseno-editorial-portfolio\/","title":{"rendered":"Portfolio &#8211; Dise\u00f1o editorial"},"content":{"rendered":"\n<p>El <strong>dise\u00f1o editorial<\/strong> te ayudar\u00e1 a presentar tus publicaciones impresas o digitales de una forma impecable. Para adaptarnos a los cambios constantes del sector de la comunicaci\u00f3n, mi experiencia en <strong>dise\u00f1o editorial<\/strong> abarca desde las <strong>publicaciones impresas<\/strong>&nbsp;hasta la <strong>maquetaci\u00f3n HTML<\/strong> para la creaci\u00f3n de contenidos digitales interactivos, orientados sobre todo al sector educativo.&nbsp; \u00bfTe apetece conocer algunos de mis trabajos?<\/p>\n\n\n\n<div style=\"height:20px\" aria-hidden=\"true\" class=\"wp-block-spacer\"><\/div>\n\n\n<section id=\"pfhub_portfolio_content_2\" style=\"clear: both\" class=\"portfolio-gallery-content \"\n         data-portfolio-id=\"2\"\n         data-image-behaviour=\"resize\">\n    <div id=\"pfhub_portfolio-container-loading-overlay_2\"><\/div>\n                        <div id=\"pfhub_portfolio_container_2\"\n         data-show-loading=\"on\"\n         data-show-center=\"off\"\n         class=\"pfhub_portfolio_container super-list variable-sizes clearfix view-grid\" >\n                    <div\n                class=\"portelement portelement_2 colorbox_grouping  \" data-symbol=\"Ferias y congresos\" data-category=\"alkaline-earth\">\n                <p style=\"display:none;\" class=\"load_date\">2019-12-20 13:24:14<\/p>\n                <p style=\"display:none;\" class=\"number\">15<\/p>\n                <div class=\"default-block_2 dropdownable\" style=\"\">\n                    <div class=\"image-block image-block_2  add-H-relative\">\n                                                                                    <a href=\"http:\/\/ifsancho.com\/wp-content\/uploads\/2019\/03\/genera.jpg\" data-description=\" Dise\u00f1o de publicaciones para distribuci\u00f3n en ferias, congresos y eventos profesionales, desde diarios informativos a entrevistas, reportajes o suplementos especiales. \"\n                                       class=\"portfolio-group\" title=\"Ferias y congresos\" data-groupID=\"1-2\">\n                                        <img alt=\"Ferias y congresos\" data-title=\" genera\"\n                                             id=\"wd-cl-img0\"\n                                             src=\"https:\/\/ifsancho.com\/wp-content\/uploads\/2019\/03\/genera.jpg\" \/>\n                                    <\/a>\n                                                        <\/div>\n                    <div class=\"title-block title-block_2\">\n                        <h3 title=\"Ferias y congresos\"\n                            class=\"title name\">Ferias y congresos<\/h3>\n                        <div class=\"open-close-button\"><\/div>\n                    <\/div>\n                <\/div>\n\n                <div class=\"wd-portfolio-panel wd-portfolio-panel_2\" id=\"panel0\">\n                                            <div>\n                            <ul class=\"thumbs-list_2\">\n                                                                    <li>\n                                                                                        <a href=\"http:\/\/ifsancho.com\/wp-content\/uploads\/2019\/03\/genera.jpg\" data-description=\" Dise\u00f1o de publicaciones para distribuci\u00f3n en ferias, congresos y eventos profesionales, desde diarios informativos a entrevistas, reportajes o suplementos especiales. \"\n                                                   class=\" portfolio-group1-2 \" data-groupID=\"1-2\"><img alt=\"Ferias y congresos\"\n                                                                                                                                                                       data-title=\" genera\"\n                                                                                                                                                                       src=\"https:\/\/ifsancho.com\/wp-content\/uploads\/2019\/03\/genera.jpg\"><\/a>\n                                                                                    <\/li>\n                                                                        <li>\n                                                                                        <a href=\"http:\/\/ifsancho.com\/wp-content\/uploads\/2019\/03\/im5-5.jpg\" data-description=\" Dise\u00f1o de publicaciones para distribuci\u00f3n en ferias, congresos y eventos profesionales, desde diarios informativos a entrevistas, reportajes o suplementos especiales. \"\n                                                   class=\" portfolio-group1-2 \" data-groupID=\"1-2\"><img alt=\"Ferias y congresos\"\n                                                                                                                                                                       data-title=\" im5\"\n                                                                                                                                                                       src=\"https:\/\/ifsancho.com\/wp-content\/uploads\/2019\/03\/im5-5.jpg\"><\/a>\n                                                                                    <\/li>\n                                                                        <li>\n                                                                                        <a href=\"http:\/\/ifsancho.com\/wp-content\/uploads\/2019\/03\/im29.jpg\" data-description=\" Dise\u00f1o de publicaciones para distribuci\u00f3n en ferias, congresos y eventos profesionales, desde diarios informativos a entrevistas, reportajes o suplementos especiales. \"\n                                                   class=\" portfolio-group1-2 \" data-groupID=\"1-2\"><img alt=\"Ferias y congresos\"\n                                                                                                                                                                       data-title=\" im29\"\n                                                                                                                                                                       src=\"https:\/\/ifsancho.com\/wp-content\/uploads\/2019\/03\/im29.jpg\"><\/a>\n                                                                                    <\/li>\n                                                                        <li>\n                                                                                        <a href=\"http:\/\/ifsancho.com\/wp-content\/uploads\/2019\/12\/meatattraction.jpg\" data-description=\" Dise\u00f1o de publicaciones para distribuci\u00f3n en ferias, congresos y eventos profesionales, desde diarios informativos a entrevistas, reportajes o suplementos especiales. \"\n                                                   class=\" portfolio-group1-2 \" data-groupID=\"1-2\"><img alt=\"Ferias y congresos\"\n                                                                                                                                                                       data-title=\" meatattraction\"\n                                                                                                                                                                       src=\"https:\/\/ifsancho.com\/wp-content\/uploads\/2019\/12\/meatattraction.jpg\"><\/a>\n                                                                                    <\/li>\n                                                                        <li>\n                                                                                        <a href=\"http:\/\/ifsancho.com\/wp-content\/uploads\/2019\/03\/im31.jpg\" data-description=\" Dise\u00f1o de publicaciones para distribuci\u00f3n en ferias, congresos y eventos profesionales, desde diarios informativos a entrevistas, reportajes o suplementos especiales. \"\n                                                   class=\" portfolio-group1-2 \" data-groupID=\"1-2\"><img alt=\"Ferias y congresos\"\n                                                                                                                                                                       data-title=\" im31\"\n                                                                                                                                                                       src=\"https:\/\/ifsancho.com\/wp-content\/uploads\/2019\/03\/im31.jpg\"><\/a>\n                                                                                    <\/li>\n                                                                        <li>\n                                                                                        <a href=\"http:\/\/ifsancho.com\/wp-content\/uploads\/2019\/12\/aecoc.jpg\" data-description=\" Dise\u00f1o de publicaciones para distribuci\u00f3n en ferias, congresos y eventos profesionales, desde diarios informativos a entrevistas, reportajes o suplementos especiales. \"\n                                                   class=\" portfolio-group1-2 \" data-groupID=\"1-2\"><img alt=\"Ferias y congresos\"\n                                                                                                                                                                       data-title=\" aecoc\"\n                                                                                                                                                                       src=\"https:\/\/ifsancho.com\/wp-content\/uploads\/2019\/12\/aecoc.jpg\"><\/a>\n                                                                                    <\/li>\n                                                                        <li>\n                                                                                        <a href=\"http:\/\/ifsancho.com\/wp-content\/uploads\/2019\/12\/feriahip-2.jpg\" data-description=\" Dise\u00f1o de publicaciones para distribuci\u00f3n en ferias, congresos y eventos profesionales, desde diarios informativos a entrevistas, reportajes o suplementos especiales. \"\n                                                   class=\" portfolio-group1-2 \" data-groupID=\"1-2\"><img alt=\"Ferias y congresos\"\n                                                                                                                                                                       data-title=\" feriahip\"\n                                                                                                                                                                       src=\"https:\/\/ifsancho.com\/wp-content\/uploads\/2019\/12\/feriahip-2.jpg\"><\/a>\n                                                                                    <\/li>\n                                                                        <li>\n                                                                                        <a href=\"http:\/\/ifsancho.com\/wp-content\/uploads\/2019\/12\/meatattraction-3.jpg\" data-description=\" Dise\u00f1o de publicaciones para distribuci\u00f3n en ferias, congresos y eventos profesionales, desde diarios informativos a entrevistas, reportajes o suplementos especiales. \"\n                                                   class=\" portfolio-group1-2 \" data-groupID=\"1-2\"><img alt=\"Ferias y congresos\"\n                                                                                                                                                                       data-title=\" meatattraction\"\n                                                                                                                                                                       src=\"https:\/\/ifsancho.com\/wp-content\/uploads\/2019\/12\/meatattraction-3.jpg\"><\/a>\n                                                                                    <\/li>\n                                                                        <li>\n                                                                                        <a href=\"http:\/\/ifsancho.com\/wp-content\/uploads\/2019\/12\/novedades-2.jpg\" data-description=\" Dise\u00f1o de publicaciones para distribuci\u00f3n en ferias, congresos y eventos profesionales, desde diarios informativos a entrevistas, reportajes o suplementos especiales. \"\n                                                   class=\" portfolio-group1-2 \" data-groupID=\"1-2\"><img alt=\"Ferias y congresos\"\n                                                                                                                                                                       data-title=\" novedades\"\n                                                                                                                                                                       src=\"https:\/\/ifsancho.com\/wp-content\/uploads\/2019\/12\/novedades-2.jpg\"><\/a>\n                                                                                    <\/li>\n                                                                <\/ul>\n                        <\/div>\n                                            <div class=\"description-block_2\">\n                            <p>Dise\u00f1o de publicaciones para distribuci\u00f3n en ferias, congresos y eventos profesionales, desde diarios informativos a entrevistas, reportajes o suplementos especiales. <\/p>\n                        <\/div>\n                                    <\/div>\n            <\/div>\n\n                        <div\n                class=\"portelement portelement_2 colorbox_grouping  \" data-symbol=\"Prensa diaria\" data-category=\"alkaline-earth\">\n                <p style=\"display:none;\" class=\"load_date\">2019-12-20 13:22:27<\/p>\n                <p style=\"display:none;\" class=\"number\">14<\/p>\n                <div class=\"default-block_2 dropdownable\" style=\"\">\n                    <div class=\"image-block image-block_2  add-H-relative\">\n                                                                                    <a href=\"http:\/\/ifsancho.com\/wp-content\/uploads\/2019\/12\/newspapers-3488861_1920.jpg\" data-description=\" Dise\u00f1o y edici\u00f3n de prensa para el peri\u00f3dico diario &#039;Aqu\u00ed Diario Cantabria&#039;, con difusi\u00f3n de \u00e1mbito regional.\"\n                                       class=\"portfolio-group\" title=\"Prensa diaria\" data-groupID=\"2-2\">\n                                        <img alt=\"Prensa diaria\" data-title=\" newspapers-3488861_1920\"\n                                             id=\"wd-cl-img1\"\n                                             src=\"https:\/\/ifsancho.com\/wp-content\/uploads\/2019\/12\/newspapers-3488861_1920-1024x683.jpg\" \/>\n                                    <\/a>\n                                                        <\/div>\n                    <div class=\"title-block title-block_2\">\n                        <h3 title=\"Prensa diaria\"\n                            class=\"title name\">Prensa diaria<\/h3>\n                        <div class=\"open-close-button\"><\/div>\n                    <\/div>\n                <\/div>\n\n                <div class=\"wd-portfolio-panel wd-portfolio-panel_2\" id=\"panel1\">\n                                            <div>\n                            <ul class=\"thumbs-list_2\">\n                                                                    <li>\n                                                                                        <a href=\"http:\/\/ifsancho.com\/wp-content\/uploads\/2019\/12\/newspapers-3488861_1920.jpg\" data-description=\" Dise\u00f1o y edici\u00f3n de prensa para el peri\u00f3dico diario &#039;Aqu\u00ed Diario Cantabria&#039;, con difusi\u00f3n de \u00e1mbito regional.\"\n                                                   class=\" portfolio-group2-2 \" data-groupID=\"2-2\"><img alt=\"Prensa diaria\"\n                                                                                                                                                                       data-title=\" newspapers-3488861_1920\"\n                                                                                                                                                                       src=\"https:\/\/ifsancho.com\/wp-content\/uploads\/2019\/12\/newspapers-3488861_1920-1024x683.jpg\"><\/a>\n                                                                                    <\/li>\n                                                                        <li>\n                                                                                        <a href=\"http:\/\/ifsancho.com\/wp-content\/uploads\/2019\/12\/Reportaje_eolico.jpg\" data-description=\" Dise\u00f1o y edici\u00f3n de prensa para el peri\u00f3dico diario &#039;Aqu\u00ed Diario Cantabria&#039;, con difusi\u00f3n de \u00e1mbito regional.\"\n                                                   class=\" portfolio-group2-2 \" data-groupID=\"2-2\"><img alt=\"Prensa diaria\"\n                                                                                                                                                                       data-title=\" Reportaje_eolico\"\n                                                                                                                                                                       src=\"https:\/\/ifsancho.com\/wp-content\/uploads\/2019\/12\/Reportaje_eolico-1024x724.jpg\"><\/a>\n                                                                                    <\/li>\n                                                                        <li>\n                                                                                        <a href=\"http:\/\/ifsancho.com\/wp-content\/uploads\/2019\/12\/Portada_boya.jpg\" data-description=\" Dise\u00f1o y edici\u00f3n de prensa para el peri\u00f3dico diario &#039;Aqu\u00ed Diario Cantabria&#039;, con difusi\u00f3n de \u00e1mbito regional.\"\n                                                   class=\" portfolio-group2-2 \" data-groupID=\"2-2\"><img alt=\"Prensa diaria\"\n                                                                                                                                                                       data-title=\" Portada_boya\"\n                                                                                                                                                                       src=\"https:\/\/ifsancho.com\/wp-content\/uploads\/2019\/12\/Portada_boya-762x1024.jpg\"><\/a>\n                                                                                    <\/li>\n                                                                        <li>\n                                                                                        <a href=\"http:\/\/ifsancho.com\/wp-content\/uploads\/2019\/12\/Entrevista_gorostiaga.jpg\" data-description=\" Dise\u00f1o y edici\u00f3n de prensa para el peri\u00f3dico diario &#039;Aqu\u00ed Diario Cantabria&#039;, con difusi\u00f3n de \u00e1mbito regional.\"\n                                                   class=\" portfolio-group2-2 \" data-groupID=\"2-2\"><img alt=\"Prensa diaria\"\n                                                                                                                                                                       data-title=\" Entrevista_gorostiaga\"\n                                                                                                                                                                       src=\"https:\/\/ifsancho.com\/wp-content\/uploads\/2019\/12\/Entrevista_gorostiaga-1024x724.jpg\"><\/a>\n                                                                                    <\/li>\n                                                                        <li>\n                                                                                        <a href=\"http:\/\/ifsancho.com\/wp-content\/uploads\/2019\/12\/Reportaje_santander.jpg\" data-description=\" Dise\u00f1o y edici\u00f3n de prensa para el peri\u00f3dico diario &#039;Aqu\u00ed Diario Cantabria&#039;, con difusi\u00f3n de \u00e1mbito regional.\"\n                                                   class=\" portfolio-group2-2 \" data-groupID=\"2-2\"><img alt=\"Prensa diaria\"\n                                                                                                                                                                       data-title=\" Reportaje_santander\"\n                                                                                                                                                                       src=\"https:\/\/ifsancho.com\/wp-content\/uploads\/2019\/12\/Reportaje_santander-1024x724.jpg\"><\/a>\n                                                                                    <\/li>\n                                                                        <li>\n                                                                                        <a href=\"http:\/\/ifsancho.com\/wp-content\/uploads\/2019\/12\/Reportaje_Aena.jpg\" data-description=\" Dise\u00f1o y edici\u00f3n de prensa para el peri\u00f3dico diario &#039;Aqu\u00ed Diario Cantabria&#039;, con difusi\u00f3n de \u00e1mbito regional.\"\n                                                   class=\" portfolio-group2-2 \" data-groupID=\"2-2\"><img alt=\"Prensa diaria\"\n                                                                                                                                                                       data-title=\" Reportaje_Aena\"\n                                                                                                                                                                       src=\"https:\/\/ifsancho.com\/wp-content\/uploads\/2019\/12\/Reportaje_Aena-1024x688.jpg\"><\/a>\n                                                                                    <\/li>\n                                                                        <li>\n                                                                                        <a href=\"http:\/\/ifsancho.com\/wp-content\/uploads\/2019\/12\/Cultura.jpg\" data-description=\" Dise\u00f1o y edici\u00f3n de prensa para el peri\u00f3dico diario &#039;Aqu\u00ed Diario Cantabria&#039;, con difusi\u00f3n de \u00e1mbito regional.\"\n                                                   class=\" portfolio-group2-2 \" data-groupID=\"2-2\"><img alt=\"Prensa diaria\"\n                                                                                                                                                                       data-title=\" Cultura\"\n                                                                                                                                                                       src=\"https:\/\/ifsancho.com\/wp-content\/uploads\/2019\/12\/Cultura-762x1024.jpg\"><\/a>\n                                                                                    <\/li>\n                                                                        <li>\n                                                                                        <a href=\"http:\/\/ifsancho.com\/wp-content\/uploads\/2019\/12\/Reportaje_elecciones.jpg\" data-description=\" Dise\u00f1o y edici\u00f3n de prensa para el peri\u00f3dico diario &#039;Aqu\u00ed Diario Cantabria&#039;, con difusi\u00f3n de \u00e1mbito regional.\"\n                                                   class=\" portfolio-group2-2 \" data-groupID=\"2-2\"><img alt=\"Prensa diaria\"\n                                                                                                                                                                       data-title=\" Reportaje_elecciones\"\n                                                                                                                                                                       src=\"https:\/\/ifsancho.com\/wp-content\/uploads\/2019\/12\/Reportaje_elecciones-1024x724.jpg\"><\/a>\n                                                                                    <\/li>\n                                                                        <li>\n                                                                                        <a href=\"http:\/\/ifsancho.com\/wp-content\/uploads\/2019\/12\/Reportaje_graficos.jpg\" data-description=\" Dise\u00f1o y edici\u00f3n de prensa para el peri\u00f3dico diario &#039;Aqu\u00ed Diario Cantabria&#039;, con difusi\u00f3n de \u00e1mbito regional.\"\n                                                   class=\" portfolio-group2-2 \" data-groupID=\"2-2\"><img alt=\"Prensa diaria\"\n                                                                                                                                                                       data-title=\" Reportaje_graficos\"\n                                                                                                                                                                       src=\"https:\/\/ifsancho.com\/wp-content\/uploads\/2019\/12\/Reportaje_graficos-1024x724.jpg\"><\/a>\n                                                                                    <\/li>\n                                                                <\/ul>\n                        <\/div>\n                                            <div class=\"description-block_2\">\n                            <p>Dise\u00f1o y edici\u00f3n de prensa para el peri\u00f3dico diario 'Aqu\u00ed Diario Cantabria', con difusi\u00f3n de \u00e1mbito regional.<\/p>\n                        <\/div>\n                                    <\/div>\n            <\/div>\n\n                        <div\n                class=\"portelement portelement_2 colorbox_grouping  \" data-symbol=\"Publicaciones t\u00e9cnicas\" data-category=\"alkaline-earth\">\n                <p style=\"display:none;\" class=\"load_date\">2019-12-20 13:17:16<\/p>\n                <p style=\"display:none;\" class=\"number\">13<\/p>\n                <div class=\"default-block_2 dropdownable\" style=\"\">\n                    <div class=\"image-block image-block_2  add-H-relative\">\n                                                                                    <a href=\"http:\/\/ifsancho.com\/wp-content\/uploads\/slider5\/machine-495376_1920.jpeg\" data-description=\" Dise\u00f1o y edici\u00f3n de revistas t\u00e9cnicas dirigidas a profesionales de las instalaciones, publicadas por el Grupo Editorial El Instalador, con cabeceras como &#039;Electra&#039;, &#039;El Instalador&#039; o &#039;Ingenier\u00eda Hospitalaria&#039;.\"\n                                       class=\"portfolio-group\" title=\"Publicaciones t\u00e9cnicas\" data-groupID=\"3-2\">\n                                        <img alt=\"Publicaciones t\u00e9cnicas\" data-title=\" \"\n                                             id=\"wd-cl-img2\"\n                                             src=\"http:\/\/ifsancho.com\/wp-content\/uploads\/slider5\/machine-495376_1920.jpeg\" \/>\n                                    <\/a>\n                                                        <\/div>\n                    <div class=\"title-block title-block_2\">\n                        <h3 title=\"Publicaciones t\u00e9cnicas\"\n                            class=\"title name\">Publicaciones t\u00e9cnicas<\/h3>\n                        <div class=\"open-close-button\"><\/div>\n                    <\/div>\n                <\/div>\n\n                <div class=\"wd-portfolio-panel wd-portfolio-panel_2\" id=\"panel2\">\n                                            <div>\n                            <ul class=\"thumbs-list_2\">\n                                                                    <li>\n                                                                                        <a href=\"http:\/\/ifsancho.com\/wp-content\/uploads\/slider5\/machine-495376_1920.jpeg\" data-description=\" Dise\u00f1o y edici\u00f3n de revistas t\u00e9cnicas dirigidas a profesionales de las instalaciones, publicadas por el Grupo Editorial El Instalador, con cabeceras como &#039;Electra&#039;, &#039;El Instalador&#039; o &#039;Ingenier\u00eda Hospitalaria&#039;.\"\n                                                   class=\" portfolio-group3-2 \" data-groupID=\"3-2\"><img alt=\"Publicaciones t\u00e9cnicas\"\n                                                                                                                                                                       data-title=\" \"\n                                                                                                                                                                       src=\"http:\/\/ifsancho.com\/wp-content\/uploads\/slider5\/machine-495376_1920.jpeg\"><\/a>\n                                                                                    <\/li>\n                                                                        <li>\n                                                                                        <a href=\"http:\/\/ifsancho.com\/wp-content\/uploads\/2019\/03\/im31.jpg\" data-description=\" Dise\u00f1o y edici\u00f3n de revistas t\u00e9cnicas dirigidas a profesionales de las instalaciones, publicadas por el Grupo Editorial El Instalador, con cabeceras como &#039;Electra&#039;, &#039;El Instalador&#039; o &#039;Ingenier\u00eda Hospitalaria&#039;.\"\n                                                   class=\" portfolio-group3-2 \" data-groupID=\"3-2\"><img alt=\"Publicaciones t\u00e9cnicas\"\n                                                                                                                                                                       data-title=\" im31\"\n                                                                                                                                                                       src=\"https:\/\/ifsancho.com\/wp-content\/uploads\/2019\/03\/im31.jpg\"><\/a>\n                                                                                    <\/li>\n                                                                        <li>\n                                                                                        <a href=\"http:\/\/ifsancho.com\/wp-content\/uploads\/2019\/03\/im22-1.jpg\" data-description=\" Dise\u00f1o y edici\u00f3n de revistas t\u00e9cnicas dirigidas a profesionales de las instalaciones, publicadas por el Grupo Editorial El Instalador, con cabeceras como &#039;Electra&#039;, &#039;El Instalador&#039; o &#039;Ingenier\u00eda Hospitalaria&#039;.\"\n                                                   class=\" portfolio-group3-2 \" data-groupID=\"3-2\"><img alt=\"Publicaciones t\u00e9cnicas\"\n                                                                                                                                                                       data-title=\" im22\"\n                                                                                                                                                                       src=\"https:\/\/ifsancho.com\/wp-content\/uploads\/2019\/03\/im22-1.jpg\"><\/a>\n                                                                                    <\/li>\n                                                                        <li>\n                                                                                        <a href=\"http:\/\/ifsancho.com\/wp-content\/uploads\/2019\/03\/im14-3.jpg\" data-description=\" Dise\u00f1o y edici\u00f3n de revistas t\u00e9cnicas dirigidas a profesionales de las instalaciones, publicadas por el Grupo Editorial El Instalador, con cabeceras como &#039;Electra&#039;, &#039;El Instalador&#039; o &#039;Ingenier\u00eda Hospitalaria&#039;.\"\n                                                   class=\" portfolio-group3-2 \" data-groupID=\"3-2\"><img alt=\"Publicaciones t\u00e9cnicas\"\n                                                                                                                                                                       data-title=\" im14\"\n                                                                                                                                                                       src=\"https:\/\/ifsancho.com\/wp-content\/uploads\/2019\/03\/im14-3.jpg\"><\/a>\n                                                                                    <\/li>\n                                                                        <li>\n                                                                                        <a href=\"http:\/\/ifsancho.com\/wp-content\/uploads\/2019\/03\/im29.jpg\" data-description=\" Dise\u00f1o y edici\u00f3n de revistas t\u00e9cnicas dirigidas a profesionales de las instalaciones, publicadas por el Grupo Editorial El Instalador, con cabeceras como &#039;Electra&#039;, &#039;El Instalador&#039; o &#039;Ingenier\u00eda Hospitalaria&#039;.\"\n                                                   class=\" portfolio-group3-2 \" data-groupID=\"3-2\"><img alt=\"Publicaciones t\u00e9cnicas\"\n                                                                                                                                                                       data-title=\" im29\"\n                                                                                                                                                                       src=\"https:\/\/ifsancho.com\/wp-content\/uploads\/2019\/03\/im29.jpg\"><\/a>\n                                                                                    <\/li>\n                                                                        <li>\n                                                                                        <a href=\"http:\/\/ifsancho.com\/wp-content\/uploads\/2019\/03\/im25-1.jpg\" data-description=\" Dise\u00f1o y edici\u00f3n de revistas t\u00e9cnicas dirigidas a profesionales de las instalaciones, publicadas por el Grupo Editorial El Instalador, con cabeceras como &#039;Electra&#039;, &#039;El Instalador&#039; o &#039;Ingenier\u00eda Hospitalaria&#039;.\"\n                                                   class=\" portfolio-group3-2 \" data-groupID=\"3-2\"><img alt=\"Publicaciones t\u00e9cnicas\"\n                                                                                                                                                                       data-title=\" im25\"\n                                                                                                                                                                       src=\"https:\/\/ifsancho.com\/wp-content\/uploads\/2019\/03\/im25-1.jpg\"><\/a>\n                                                                                    <\/li>\n                                                                        <li>\n                                                                                        <a href=\"http:\/\/ifsancho.com\/wp-content\/uploads\/2019\/03\/im30.jpg\" data-description=\" Dise\u00f1o y edici\u00f3n de revistas t\u00e9cnicas dirigidas a profesionales de las instalaciones, publicadas por el Grupo Editorial El Instalador, con cabeceras como &#039;Electra&#039;, &#039;El Instalador&#039; o &#039;Ingenier\u00eda Hospitalaria&#039;.\"\n                                                   class=\" portfolio-group3-2 \" data-groupID=\"3-2\"><img alt=\"Publicaciones t\u00e9cnicas\"\n                                                                                                                                                                       data-title=\" im30\"\n                                                                                                                                                                       src=\"https:\/\/ifsancho.com\/wp-content\/uploads\/2019\/03\/im30.jpg\"><\/a>\n                                                                                    <\/li>\n                                                                        <li>\n                                                                                        <a href=\"http:\/\/ifsancho.com\/wp-content\/uploads\/2019\/03\/im27.jpg\" data-description=\" Dise\u00f1o y edici\u00f3n de revistas t\u00e9cnicas dirigidas a profesionales de las instalaciones, publicadas por el Grupo Editorial El Instalador, con cabeceras como &#039;Electra&#039;, &#039;El Instalador&#039; o &#039;Ingenier\u00eda Hospitalaria&#039;.\"\n                                                   class=\" portfolio-group3-2 \" data-groupID=\"3-2\"><img alt=\"Publicaciones t\u00e9cnicas\"\n                                                                                                                                                                       data-title=\" im27\"\n                                                                                                                                                                       src=\"https:\/\/ifsancho.com\/wp-content\/uploads\/2019\/03\/im27.jpg\"><\/a>\n                                                                                    <\/li>\n                                                                        <li>\n                                                                                        <a href=\"http:\/\/ifsancho.com\/wp-content\/uploads\/2019\/03\/im24-1.jpg\" data-description=\" Dise\u00f1o y edici\u00f3n de revistas t\u00e9cnicas dirigidas a profesionales de las instalaciones, publicadas por el Grupo Editorial El Instalador, con cabeceras como &#039;Electra&#039;, &#039;El Instalador&#039; o &#039;Ingenier\u00eda Hospitalaria&#039;.\"\n                                                   class=\" portfolio-group3-2 \" data-groupID=\"3-2\"><img alt=\"Publicaciones t\u00e9cnicas\"\n                                                                                                                                                                       data-title=\" im24\"\n                                                                                                                                                                       src=\"https:\/\/ifsancho.com\/wp-content\/uploads\/2019\/03\/im24-1.jpg\"><\/a>\n                                                                                    <\/li>\n                                                                <\/ul>\n                        <\/div>\n                                            <div class=\"description-block_2\">\n                            <p>Dise\u00f1o y edici\u00f3n de revistas t\u00e9cnicas dirigidas a profesionales de las instalaciones, publicadas por el Grupo Editorial El Instalador, con cabeceras como 'Electra', 'El Instalador' o 'Ingenier\u00eda Hospitalaria'.<\/p>\n                        <\/div>\n                                    <\/div>\n            <\/div>\n\n                        <div\n                class=\"portelement portelement_2 colorbox_grouping  \" data-symbol=\"Nuevas tecnolog\u00edas\" data-category=\"alkaline-earth\">\n                <p style=\"display:none;\" class=\"load_date\">2019-12-20 13:15:03<\/p>\n                <p style=\"display:none;\" class=\"number\">12<\/p>\n                <div class=\"default-block_2 dropdownable\" style=\"\">\n                    <div class=\"image-block image-block_2  add-H-relative\">\n                                                                                    <a href=\"http:\/\/ifsancho.com\/wp-content\/uploads\/slider5\/agriculture-1853323_1920.jpeg\" data-description=\" Dise\u00f1o y edici\u00f3n de revista bimestral dedicada al sector de las nuevas tecnolog\u00edas, energ\u00edas renovables, instalaciones, dom\u00f3tica y eficiencia energ\u00e9tica, publicada por el Grupo Editorial El Instalador.\"\n                                       class=\"portfolio-group\" title=\"Nuevas tecnolog\u00edas\" data-groupID=\"4-2\">\n                                        <img alt=\"Nuevas tecnolog\u00edas\" data-title=\" \"\n                                             id=\"wd-cl-img3\"\n                                             src=\"http:\/\/ifsancho.com\/wp-content\/uploads\/slider5\/agriculture-1853323_1920.jpeg\" \/>\n                                    <\/a>\n                                                        <\/div>\n                    <div class=\"title-block title-block_2\">\n                        <h3 title=\"Nuevas tecnolog\u00edas\"\n                            class=\"title name\">Nuevas tecnolog\u00edas<\/h3>\n                        <div class=\"open-close-button\"><\/div>\n                    <\/div>\n                <\/div>\n\n                <div class=\"wd-portfolio-panel wd-portfolio-panel_2\" id=\"panel3\">\n                                            <div>\n                            <ul class=\"thumbs-list_2\">\n                                                                    <li>\n                                                                                        <a href=\"http:\/\/ifsancho.com\/wp-content\/uploads\/slider5\/agriculture-1853323_1920.jpeg\" data-description=\" Dise\u00f1o y edici\u00f3n de revista bimestral dedicada al sector de las nuevas tecnolog\u00edas, energ\u00edas renovables, instalaciones, dom\u00f3tica y eficiencia energ\u00e9tica, publicada por el Grupo Editorial El Instalador.\"\n                                                   class=\" portfolio-group4-2 \" data-groupID=\"4-2\"><img alt=\"Nuevas tecnolog\u00edas\"\n                                                                                                                                                                       data-title=\" \"\n                                                                                                                                                                       src=\"http:\/\/ifsancho.com\/wp-content\/uploads\/slider5\/agriculture-1853323_1920.jpeg\"><\/a>\n                                                                                    <\/li>\n                                                                        <li>\n                                                                                        <a href=\"http:\/\/ifsancho.com\/wp-content\/uploads\/2019\/03\/im8-5.jpg\" data-description=\" Dise\u00f1o y edici\u00f3n de revista bimestral dedicada al sector de las nuevas tecnolog\u00edas, energ\u00edas renovables, instalaciones, dom\u00f3tica y eficiencia energ\u00e9tica, publicada por el Grupo Editorial El Instalador.\"\n                                                   class=\" portfolio-group4-2 \" data-groupID=\"4-2\"><img alt=\"Nuevas tecnolog\u00edas\"\n                                                                                                                                                                       data-title=\" im8\"\n                                                                                                                                                                       src=\"https:\/\/ifsancho.com\/wp-content\/uploads\/2019\/03\/im8-5.jpg\"><\/a>\n                                                                                    <\/li>\n                                                                        <li>\n                                                                                        <a href=\"http:\/\/ifsancho.com\/wp-content\/uploads\/2019\/03\/im16-3.jpg\" data-description=\" Dise\u00f1o y edici\u00f3n de revista bimestral dedicada al sector de las nuevas tecnolog\u00edas, energ\u00edas renovables, instalaciones, dom\u00f3tica y eficiencia energ\u00e9tica, publicada por el Grupo Editorial El Instalador.\"\n                                                   class=\" portfolio-group4-2 \" data-groupID=\"4-2\"><img alt=\"Nuevas tecnolog\u00edas\"\n                                                                                                                                                                       data-title=\" im16\"\n                                                                                                                                                                       src=\"https:\/\/ifsancho.com\/wp-content\/uploads\/2019\/03\/im16-3.jpg\"><\/a>\n                                                                                    <\/li>\n                                                                        <li>\n                                                                                        <a href=\"http:\/\/ifsancho.com\/wp-content\/uploads\/2019\/03\/im1-10.jpg\" data-description=\" Dise\u00f1o y edici\u00f3n de revista bimestral dedicada al sector de las nuevas tecnolog\u00edas, energ\u00edas renovables, instalaciones, dom\u00f3tica y eficiencia energ\u00e9tica, publicada por el Grupo Editorial El Instalador.\"\n                                                   class=\" portfolio-group4-2 \" data-groupID=\"4-2\"><img alt=\"Nuevas tecnolog\u00edas\"\n                                                                                                                                                                       data-title=\" im1\"\n                                                                                                                                                                       src=\"https:\/\/ifsancho.com\/wp-content\/uploads\/2019\/03\/im1-10.jpg\"><\/a>\n                                                                                    <\/li>\n                                                                        <li>\n                                                                                        <a href=\"http:\/\/ifsancho.com\/wp-content\/uploads\/2019\/03\/im26-1.jpg\" data-description=\" Dise\u00f1o y edici\u00f3n de revista bimestral dedicada al sector de las nuevas tecnolog\u00edas, energ\u00edas renovables, instalaciones, dom\u00f3tica y eficiencia energ\u00e9tica, publicada por el Grupo Editorial El Instalador.\"\n                                                   class=\" portfolio-group4-2 \" data-groupID=\"4-2\"><img alt=\"Nuevas tecnolog\u00edas\"\n                                                                                                                                                                       data-title=\" im26\"\n                                                                                                                                                                       src=\"https:\/\/ifsancho.com\/wp-content\/uploads\/2019\/03\/im26-1.jpg\"><\/a>\n                                                                                    <\/li>\n                                                                        <li>\n                                                                                        <a href=\"http:\/\/ifsancho.com\/wp-content\/uploads\/2019\/03\/im23-2.jpg\" data-description=\" Dise\u00f1o y edici\u00f3n de revista bimestral dedicada al sector de las nuevas tecnolog\u00edas, energ\u00edas renovables, instalaciones, dom\u00f3tica y eficiencia energ\u00e9tica, publicada por el Grupo Editorial El Instalador.\"\n                                                   class=\" portfolio-group4-2 \" data-groupID=\"4-2\"><img alt=\"Nuevas tecnolog\u00edas\"\n                                                                                                                                                                       data-title=\" im23\"\n                                                                                                                                                                       src=\"https:\/\/ifsancho.com\/wp-content\/uploads\/2019\/03\/im23-2.jpg\"><\/a>\n                                                                                    <\/li>\n                                                                        <li>\n                                                                                        <a href=\"http:\/\/ifsancho.com\/wp-content\/uploads\/2019\/03\/im20-2.jpg\" data-description=\" Dise\u00f1o y edici\u00f3n de revista bimestral dedicada al sector de las nuevas tecnolog\u00edas, energ\u00edas renovables, instalaciones, dom\u00f3tica y eficiencia energ\u00e9tica, publicada por el Grupo Editorial El Instalador.\"\n                                                   class=\" portfolio-group4-2 \" data-groupID=\"4-2\"><img alt=\"Nuevas tecnolog\u00edas\"\n                                                                                                                                                                       data-title=\" im20\"\n                                                                                                                                                                       src=\"https:\/\/ifsancho.com\/wp-content\/uploads\/2019\/03\/im20-2.jpg\"><\/a>\n                                                                                    <\/li>\n                                                                        <li>\n                                                                                        <a href=\"http:\/\/ifsancho.com\/wp-content\/uploads\/2019\/03\/im21-1.jpg\" data-description=\" Dise\u00f1o y edici\u00f3n de revista bimestral dedicada al sector de las nuevas tecnolog\u00edas, energ\u00edas renovables, instalaciones, dom\u00f3tica y eficiencia energ\u00e9tica, publicada por el Grupo Editorial El Instalador.\"\n                                                   class=\" portfolio-group4-2 \" data-groupID=\"4-2\"><img alt=\"Nuevas tecnolog\u00edas\"\n                                                                                                                                                                       data-title=\" im21\"\n                                                                                                                                                                       src=\"https:\/\/ifsancho.com\/wp-content\/uploads\/2019\/03\/im21-1.jpg\"><\/a>\n                                                                                    <\/li>\n                                                                        <li>\n                                                                                        <a href=\"http:\/\/ifsancho.com\/wp-content\/uploads\/2019\/03\/im19-2.jpg\" data-description=\" Dise\u00f1o y edici\u00f3n de revista bimestral dedicada al sector de las nuevas tecnolog\u00edas, energ\u00edas renovables, instalaciones, dom\u00f3tica y eficiencia energ\u00e9tica, publicada por el Grupo Editorial El Instalador.\"\n                                                   class=\" portfolio-group4-2 \" data-groupID=\"4-2\"><img alt=\"Nuevas tecnolog\u00edas\"\n                                                                                                                                                                       data-title=\" im19\"\n                                                                                                                                                                       src=\"https:\/\/ifsancho.com\/wp-content\/uploads\/2019\/03\/im19-2.jpg\"><\/a>\n                                                                                    <\/li>\n                                                                        <li>\n                                                                                        <a href=\"http:\/\/ifsancho.com\/wp-content\/uploads\/2019\/03\/im17-2.jpg\" data-description=\" Dise\u00f1o y edici\u00f3n de revista bimestral dedicada al sector de las nuevas tecnolog\u00edas, energ\u00edas renovables, instalaciones, dom\u00f3tica y eficiencia energ\u00e9tica, publicada por el Grupo Editorial El Instalador.\"\n                                                   class=\" portfolio-group4-2 \" data-groupID=\"4-2\"><img alt=\"Nuevas tecnolog\u00edas\"\n                                                                                                                                                                       data-title=\" im17\"\n                                                                                                                                                                       src=\"https:\/\/ifsancho.com\/wp-content\/uploads\/2019\/03\/im17-2.jpg\"><\/a>\n                                                                                    <\/li>\n                                                                        <li>\n                                                                                        <a href=\"http:\/\/ifsancho.com\/wp-content\/uploads\/2019\/03\/im18-1.jpg\" data-description=\" Dise\u00f1o y edici\u00f3n de revista bimestral dedicada al sector de las nuevas tecnolog\u00edas, energ\u00edas renovables, instalaciones, dom\u00f3tica y eficiencia energ\u00e9tica, publicada por el Grupo Editorial El Instalador.\"\n                                                   class=\" portfolio-group4-2 \" data-groupID=\"4-2\"><img alt=\"Nuevas tecnolog\u00edas\"\n                                                                                                                                                                       data-title=\" im18\"\n                                                                                                                                                                       src=\"https:\/\/ifsancho.com\/wp-content\/uploads\/2019\/03\/im18-1.jpg\"><\/a>\n                                                                                    <\/li>\n                                                                        <li>\n                                                                                        <a href=\"http:\/\/ifsancho.com\/wp-content\/uploads\/2019\/03\/im11-5.jpg\" data-description=\" Dise\u00f1o y edici\u00f3n de revista bimestral dedicada al sector de las nuevas tecnolog\u00edas, energ\u00edas renovables, instalaciones, dom\u00f3tica y eficiencia energ\u00e9tica, publicada por el Grupo Editorial El Instalador.\"\n                                                   class=\" portfolio-group4-2 \" data-groupID=\"4-2\"><img alt=\"Nuevas tecnolog\u00edas\"\n                                                                                                                                                                       data-title=\" im11\"\n                                                                                                                                                                       src=\"https:\/\/ifsancho.com\/wp-content\/uploads\/2019\/03\/im11-5.jpg\"><\/a>\n                                                                                    <\/li>\n                                                                <\/ul>\n                        <\/div>\n                                            <div class=\"description-block_2\">\n                            <p>Dise\u00f1o y edici\u00f3n de revista bimestral dedicada al sector de las nuevas tecnolog\u00edas, energ\u00edas renovables, instalaciones, dom\u00f3tica y eficiencia energ\u00e9tica, publicada por el Grupo Editorial El Instalador.<\/p>\n                        <\/div>\n                                    <\/div>\n            <\/div>\n\n                        <div\n                class=\"portelement portelement_2 colorbox_grouping  \" data-symbol=\"Distribuci\u00f3n y consumo\" data-category=\"alkaline-earth\">\n                <p style=\"display:none;\" class=\"load_date\">2019-12-20 13:13:10<\/p>\n                <p style=\"display:none;\" class=\"number\">11<\/p>\n                <div class=\"default-block_2 dropdownable\" style=\"\">\n                    <div class=\"image-block image-block_2  add-H-relative\">\n                                                                                    <a href=\"http:\/\/ifsancho.com\/wp-content\/uploads\/2019\/03\/shopping-2615482_1920-1.jpg\" data-description=\" Dise\u00f1o y edici\u00f3n de revista mensual por suscripci\u00f3n, dedicada al sector de la distribuci\u00f3n alimentaria y el Gran Consumo, perfumer\u00eda, droguer\u00eda y cosm\u00e9tica y canal HORECA.\"\n                                       class=\"portfolio-group\" title=\"Distribuci\u00f3n y consumo\" data-groupID=\"5-2\">\n                                        <img alt=\"Distribuci\u00f3n y consumo\" data-title=\" shopping-2615482_1920\"\n                                             id=\"wd-cl-img4\"\n                                             src=\"https:\/\/ifsancho.com\/wp-content\/uploads\/2019\/03\/shopping-2615482_1920-1-1024x589.jpg\" \/>\n                                    <\/a>\n                                                        <\/div>\n                    <div class=\"title-block title-block_2\">\n                        <h3 title=\"Distribuci\u00f3n y consumo\"\n                            class=\"title name\">Distribuci\u00f3n y consumo<\/h3>\n                        <div class=\"open-close-button\"><\/div>\n                    <\/div>\n                <\/div>\n\n                <div class=\"wd-portfolio-panel wd-portfolio-panel_2\" id=\"panel4\">\n                                            <div>\n                            <ul class=\"thumbs-list_2\">\n                                                                    <li>\n                                                                                        <a href=\"http:\/\/ifsancho.com\/wp-content\/uploads\/2019\/03\/shopping-2615482_1920-1.jpg\" data-description=\" Dise\u00f1o y edici\u00f3n de revista mensual por suscripci\u00f3n, dedicada al sector de la distribuci\u00f3n alimentaria y el Gran Consumo, perfumer\u00eda, droguer\u00eda y cosm\u00e9tica y canal HORECA.\"\n                                                   class=\" portfolio-group5-2 \" data-groupID=\"5-2\"><img alt=\"Distribuci\u00f3n y consumo\"\n                                                                                                                                                                       data-title=\" shopping-2615482_1920\"\n                                                                                                                                                                       src=\"https:\/\/ifsancho.com\/wp-content\/uploads\/2019\/03\/shopping-2615482_1920-1-1024x589.jpg\"><\/a>\n                                                                                    <\/li>\n                                                                        <li>\n                                                                                        <a href=\"http:\/\/ifsancho.com\/wp-content\/uploads\/2019\/12\/distri.jpg\" data-description=\" Dise\u00f1o y edici\u00f3n de revista mensual por suscripci\u00f3n, dedicada al sector de la distribuci\u00f3n alimentaria y el Gran Consumo, perfumer\u00eda, droguer\u00eda y cosm\u00e9tica y canal HORECA.\"\n                                                   class=\" portfolio-group5-2 \" data-groupID=\"5-2\"><img alt=\"Distribuci\u00f3n y consumo\"\n                                                                                                                                                                       data-title=\" distri\"\n                                                                                                                                                                       src=\"https:\/\/ifsancho.com\/wp-content\/uploads\/2019\/12\/distri.jpg\"><\/a>\n                                                                                    <\/li>\n                                                                        <li>\n                                                                                        <a href=\"http:\/\/ifsancho.com\/wp-content\/uploads\/2019\/12\/portada_hip-2.jpg\" data-description=\" Dise\u00f1o y edici\u00f3n de revista mensual por suscripci\u00f3n, dedicada al sector de la distribuci\u00f3n alimentaria y el Gran Consumo, perfumer\u00eda, droguer\u00eda y cosm\u00e9tica y canal HORECA.\"\n                                                   class=\" portfolio-group5-2 \" data-groupID=\"5-2\"><img alt=\"Distribuci\u00f3n y consumo\"\n                                                                                                                                                                       data-title=\" portada_hip\"\n                                                                                                                                                                       src=\"https:\/\/ifsancho.com\/wp-content\/uploads\/2019\/12\/portada_hip-2.jpg\"><\/a>\n                                                                                    <\/li>\n                                                                        <li>\n                                                                                        <a href=\"http:\/\/ifsancho.com\/wp-content\/uploads\/2019\/12\/feriahip.jpg\" data-description=\" Dise\u00f1o y edici\u00f3n de revista mensual por suscripci\u00f3n, dedicada al sector de la distribuci\u00f3n alimentaria y el Gran Consumo, perfumer\u00eda, droguer\u00eda y cosm\u00e9tica y canal HORECA.\"\n                                                   class=\" portfolio-group5-2 \" data-groupID=\"5-2\"><img alt=\"Distribuci\u00f3n y consumo\"\n                                                                                                                                                                       data-title=\" feriahip\"\n                                                                                                                                                                       src=\"https:\/\/ifsancho.com\/wp-content\/uploads\/2019\/12\/feriahip.jpg\"><\/a>\n                                                                                    <\/li>\n                                                                        <li>\n                                                                                        <a href=\"http:\/\/ifsancho.com\/wp-content\/uploads\/2019\/12\/portada_ecommerce-1.jpg\" data-description=\" Dise\u00f1o y edici\u00f3n de revista mensual por suscripci\u00f3n, dedicada al sector de la distribuci\u00f3n alimentaria y el Gran Consumo, perfumer\u00eda, droguer\u00eda y cosm\u00e9tica y canal HORECA.\"\n                                                   class=\" portfolio-group5-2 \" data-groupID=\"5-2\"><img alt=\"Distribuci\u00f3n y consumo\"\n                                                                                                                                                                       data-title=\" portada_ecommerce\"\n                                                                                                                                                                       src=\"https:\/\/ifsancho.com\/wp-content\/uploads\/2019\/12\/portada_ecommerce-1.jpg\"><\/a>\n                                                                                    <\/li>\n                                                                        <li>\n                                                                                        <a href=\"http:\/\/ifsancho.com\/wp-content\/uploads\/2019\/12\/drogueria-1.jpg\" data-description=\" Dise\u00f1o y edici\u00f3n de revista mensual por suscripci\u00f3n, dedicada al sector de la distribuci\u00f3n alimentaria y el Gran Consumo, perfumer\u00eda, droguer\u00eda y cosm\u00e9tica y canal HORECA.\"\n                                                   class=\" portfolio-group5-2 \" data-groupID=\"5-2\"><img alt=\"Distribuci\u00f3n y consumo\"\n                                                                                                                                                                       data-title=\" drogueria\"\n                                                                                                                                                                       src=\"https:\/\/ifsancho.com\/wp-content\/uploads\/2019\/12\/drogueria-1.jpg\"><\/a>\n                                                                                    <\/li>\n                                                                        <li>\n                                                                                        <a href=\"http:\/\/ifsancho.com\/wp-content\/uploads\/2019\/12\/actualidad-1.jpg\" data-description=\" Dise\u00f1o y edici\u00f3n de revista mensual por suscripci\u00f3n, dedicada al sector de la distribuci\u00f3n alimentaria y el Gran Consumo, perfumer\u00eda, droguer\u00eda y cosm\u00e9tica y canal HORECA.\"\n                                                   class=\" portfolio-group5-2 \" data-groupID=\"5-2\"><img alt=\"Distribuci\u00f3n y consumo\"\n                                                                                                                                                                       data-title=\" actualidad\"\n                                                                                                                                                                       src=\"https:\/\/ifsancho.com\/wp-content\/uploads\/2019\/12\/actualidad-1.jpg\"><\/a>\n                                                                                    <\/li>\n                                                                        <li>\n                                                                                        <a href=\"http:\/\/ifsancho.com\/wp-content\/uploads\/2019\/12\/portada_hip-1.jpg\" data-description=\" Dise\u00f1o y edici\u00f3n de revista mensual por suscripci\u00f3n, dedicada al sector de la distribuci\u00f3n alimentaria y el Gran Consumo, perfumer\u00eda, droguer\u00eda y cosm\u00e9tica y canal HORECA.\"\n                                                   class=\" portfolio-group5-2 \" data-groupID=\"5-2\"><img alt=\"Distribuci\u00f3n y consumo\"\n                                                                                                                                                                       data-title=\" portada_hip\"\n                                                                                                                                                                       src=\"https:\/\/ifsancho.com\/wp-content\/uploads\/2019\/12\/portada_hip-1.jpg\"><\/a>\n                                                                                    <\/li>\n                                                                        <li>\n                                                                                        <a href=\"http:\/\/ifsancho.com\/wp-content\/uploads\/2019\/12\/cosmetica.jpg\" data-description=\" Dise\u00f1o y edici\u00f3n de revista mensual por suscripci\u00f3n, dedicada al sector de la distribuci\u00f3n alimentaria y el Gran Consumo, perfumer\u00eda, droguer\u00eda y cosm\u00e9tica y canal HORECA.\"\n                                                   class=\" portfolio-group5-2 \" data-groupID=\"5-2\"><img alt=\"Distribuci\u00f3n y consumo\"\n                                                                                                                                                                       data-title=\" cosmetica\"\n                                                                                                                                                                       src=\"https:\/\/ifsancho.com\/wp-content\/uploads\/2019\/12\/cosmetica.jpg\"><\/a>\n                                                                                    <\/li>\n                                                                        <li>\n                                                                                        <a href=\"http:\/\/ifsancho.com\/wp-content\/uploads\/2019\/12\/ecommerce.jpg\" data-description=\" Dise\u00f1o y edici\u00f3n de revista mensual por suscripci\u00f3n, dedicada al sector de la distribuci\u00f3n alimentaria y el Gran Consumo, perfumer\u00eda, droguer\u00eda y cosm\u00e9tica y canal HORECA.\"\n                                                   class=\" portfolio-group5-2 \" data-groupID=\"5-2\"><img alt=\"Distribuci\u00f3n y consumo\"\n                                                                                                                                                                       data-title=\" ecommerce\"\n                                                                                                                                                                       src=\"https:\/\/ifsancho.com\/wp-content\/uploads\/2019\/12\/ecommerce.jpg\"><\/a>\n                                                                                    <\/li>\n                                                                        <li>\n                                                                                        <a href=\"http:\/\/ifsancho.com\/wp-content\/uploads\/2019\/12\/droper_cosmeticanatural.jpg\" data-description=\" Dise\u00f1o y edici\u00f3n de revista mensual por suscripci\u00f3n, dedicada al sector de la distribuci\u00f3n alimentaria y el Gran Consumo, perfumer\u00eda, droguer\u00eda y cosm\u00e9tica y canal HORECA.\"\n                                                   class=\" portfolio-group5-2 \" data-groupID=\"5-2\"><img alt=\"Distribuci\u00f3n y consumo\"\n                                                                                                                                                                       data-title=\" droper_cosmeticanatural\"\n                                                                                                                                                                       src=\"https:\/\/ifsancho.com\/wp-content\/uploads\/2019\/12\/droper_cosmeticanatural.jpg\"><\/a>\n                                                                                    <\/li>\n                                                                        <li>\n                                                                                        <a href=\"http:\/\/ifsancho.com\/wp-content\/uploads\/2019\/12\/actualidad-1.jpg\" data-description=\" Dise\u00f1o y edici\u00f3n de revista mensual por suscripci\u00f3n, dedicada al sector de la distribuci\u00f3n alimentaria y el Gran Consumo, perfumer\u00eda, droguer\u00eda y cosm\u00e9tica y canal HORECA.\"\n                                                   class=\" portfolio-group5-2 \" data-groupID=\"5-2\"><img alt=\"Distribuci\u00f3n y consumo\"\n                                                                                                                                                                       data-title=\" actualidad\"\n                                                                                                                                                                       src=\"https:\/\/ifsancho.com\/wp-content\/uploads\/2019\/12\/actualidad-1.jpg\"><\/a>\n                                                                                    <\/li>\n                                                                        <li>\n                                                                                        <a href=\"http:\/\/ifsancho.com\/wp-content\/uploads\/2019\/12\/lacteos.jpg\" data-description=\" Dise\u00f1o y edici\u00f3n de revista mensual por suscripci\u00f3n, dedicada al sector de la distribuci\u00f3n alimentaria y el Gran Consumo, perfumer\u00eda, droguer\u00eda y cosm\u00e9tica y canal HORECA.\"\n                                                   class=\" portfolio-group5-2 \" data-groupID=\"5-2\"><img alt=\"Distribuci\u00f3n y consumo\"\n                                                                                                                                                                       data-title=\" lacteos\"\n                                                                                                                                                                       src=\"https:\/\/ifsancho.com\/wp-content\/uploads\/2019\/12\/lacteos.jpg\"><\/a>\n                                                                                    <\/li>\n                                                                        <li>\n                                                                                        <a href=\"http:\/\/ifsancho.com\/wp-content\/uploads\/2019\/12\/cosmetica.jpg\" data-description=\" Dise\u00f1o y edici\u00f3n de revista mensual por suscripci\u00f3n, dedicada al sector de la distribuci\u00f3n alimentaria y el Gran Consumo, perfumer\u00eda, droguer\u00eda y cosm\u00e9tica y canal HORECA.\"\n                                                   class=\" portfolio-group5-2 \" data-groupID=\"5-2\"><img alt=\"Distribuci\u00f3n y consumo\"\n                                                                                                                                                                       data-title=\" cosmetica\"\n                                                                                                                                                                       src=\"https:\/\/ifsancho.com\/wp-content\/uploads\/2019\/12\/cosmetica.jpg\"><\/a>\n                                                                                    <\/li>\n                                                                <\/ul>\n                        <\/div>\n                                            <div class=\"description-block_2\">\n                            <p>Dise\u00f1o y edici\u00f3n de revista mensual por suscripci\u00f3n, dedicada al sector de la distribuci\u00f3n alimentaria y el Gran Consumo, perfumer\u00eda, droguer\u00eda y cosm\u00e9tica y canal HORECA.<\/p>\n                        <\/div>\n                                    <\/div>\n            <\/div>\n\n                        <div\n                class=\"portelement portelement_2 colorbox_grouping  \" data-symbol=\"Cuentos infantiles\" data-category=\"alkaline-earth\">\n                <p style=\"display:none;\" class=\"load_date\">2019-12-20 13:10:38<\/p>\n                <p style=\"display:none;\" class=\"number\">10<\/p>\n                <div class=\"default-block_2 dropdownable\" style=\"\">\n                    <div class=\"image-block image-block_2  add-H-relative\">\n                                                                                    <a href=\"http:\/\/ifsancho.com\/wp-content\/uploads\/2019\/12\/gato_portada.gif\" data-description=\" Con &#039;El zorro y el manzano&#039; y  &#039;Las aventuras del Gato Mico&#039;, un proyecto realizado en colaboraci\u00f3n con la dise\u00f1adora Miriam Boh\u00edgas. Redacci\u00f3n e ilustraciones propias.\"\n                                       class=\"portfolio-group\" title=\"Cuentos infantiles\" data-groupID=\"6-2\">\n                                        <img alt=\"Cuentos infantiles\" data-title=\" Isabel F. Sancho - Dise\u00f1o editorial\"\n                                             id=\"wd-cl-img5\"\n                                             src=\"https:\/\/ifsancho.com\/wp-content\/uploads\/2019\/12\/gato_portada.gif\" \/>\n                                    <\/a>\n                                                        <\/div>\n                    <div class=\"title-block title-block_2\">\n                        <h3 title=\"Cuentos infantiles\"\n                            class=\"title name\">Cuentos infantiles<\/h3>\n                        <div class=\"open-close-button\"><\/div>\n                    <\/div>\n                <\/div>\n\n                <div class=\"wd-portfolio-panel wd-portfolio-panel_2\" id=\"panel5\">\n                                            <div>\n                            <ul class=\"thumbs-list_2\">\n                                                                    <li>\n                                                                                        <a href=\"http:\/\/ifsancho.com\/wp-content\/uploads\/2019\/12\/gato_portada.gif\" data-description=\" Con &#039;El zorro y el manzano&#039; y  &#039;Las aventuras del Gato Mico&#039;, un proyecto realizado en colaboraci\u00f3n con la dise\u00f1adora Miriam Boh\u00edgas. Redacci\u00f3n e ilustraciones propias.\"\n                                                   class=\" portfolio-group6-2 \" data-groupID=\"6-2\"><img alt=\"Cuentos infantiles\"\n                                                                                                                                                                       data-title=\" Isabel F. Sancho - Dise\u00f1o editorial\"\n                                                                                                                                                                       src=\"https:\/\/ifsancho.com\/wp-content\/uploads\/2019\/12\/gato_portada.gif\"><\/a>\n                                                                                    <\/li>\n                                                                        <li>\n                                                                                        <a href=\"http:\/\/ifsancho.com\/wp-content\/uploads\/2019\/03\/im13-2.jpg\" data-description=\" Con &#039;El zorro y el manzano&#039; y  &#039;Las aventuras del Gato Mico&#039;, un proyecto realizado en colaboraci\u00f3n con la dise\u00f1adora Miriam Boh\u00edgas. Redacci\u00f3n e ilustraciones propias.\"\n                                                   class=\" portfolio-group6-2 \" data-groupID=\"6-2\"><img alt=\"Cuentos infantiles\"\n                                                                                                                                                                       data-title=\" im13\"\n                                                                                                                                                                       src=\"https:\/\/ifsancho.com\/wp-content\/uploads\/2019\/03\/im13-2.jpg\"><\/a>\n                                                                                    <\/li>\n                                                                        <li>\n                                                                                        <a href=\"http:\/\/ifsancho.com\/wp-content\/uploads\/2019\/03\/im20-3.jpg\" data-description=\" Con &#039;El zorro y el manzano&#039; y  &#039;Las aventuras del Gato Mico&#039;, un proyecto realizado en colaboraci\u00f3n con la dise\u00f1adora Miriam Boh\u00edgas. Redacci\u00f3n e ilustraciones propias.\"\n                                                   class=\" portfolio-group6-2 \" data-groupID=\"6-2\"><img alt=\"Cuentos infantiles\"\n                                                                                                                                                                       data-title=\" im20\"\n                                                                                                                                                                       src=\"https:\/\/ifsancho.com\/wp-content\/uploads\/2019\/03\/im20-3.jpg\"><\/a>\n                                                                                    <\/li>\n                                                                        <li>\n                                                                                        <a href=\"http:\/\/ifsancho.com\/wp-content\/uploads\/2019\/12\/conejos_01.jpg\" data-description=\" Con &#039;El zorro y el manzano&#039; y  &#039;Las aventuras del Gato Mico&#039;, un proyecto realizado en colaboraci\u00f3n con la dise\u00f1adora Miriam Boh\u00edgas. Redacci\u00f3n e ilustraciones propias.\"\n                                                   class=\" portfolio-group6-2 \" data-groupID=\"6-2\"><img alt=\"Cuentos infantiles\"\n                                                                                                                                                                       data-title=\" conejos_01\"\n                                                                                                                                                                       src=\"https:\/\/ifsancho.com\/wp-content\/uploads\/2019\/12\/conejos_01.jpg\"><\/a>\n                                                                                    <\/li>\n                                                                        <li>\n                                                                                        <a href=\"http:\/\/ifsancho.com\/wp-content\/uploads\/2019\/12\/cuento_03.jpg\" data-description=\" Con &#039;El zorro y el manzano&#039; y  &#039;Las aventuras del Gato Mico&#039;, un proyecto realizado en colaboraci\u00f3n con la dise\u00f1adora Miriam Boh\u00edgas. Redacci\u00f3n e ilustraciones propias.\"\n                                                   class=\" portfolio-group6-2 \" data-groupID=\"6-2\"><img alt=\"Cuentos infantiles\"\n                                                                                                                                                                       data-title=\" cuento_03\"\n                                                                                                                                                                       src=\"https:\/\/ifsancho.com\/wp-content\/uploads\/2019\/12\/cuento_03.jpg\"><\/a>\n                                                                                    <\/li>\n                                                                        <li>\n                                                                                        <a href=\"http:\/\/ifsancho.com\/wp-content\/uploads\/2019\/12\/cuento_02.jpg\" data-description=\" Con &#039;El zorro y el manzano&#039; y  &#039;Las aventuras del Gato Mico&#039;, un proyecto realizado en colaboraci\u00f3n con la dise\u00f1adora Miriam Boh\u00edgas. Redacci\u00f3n e ilustraciones propias.\"\n                                                   class=\" portfolio-group6-2 \" data-groupID=\"6-2\"><img alt=\"Cuentos infantiles\"\n                                                                                                                                                                       data-title=\" cuento_02\"\n                                                                                                                                                                       src=\"https:\/\/ifsancho.com\/wp-content\/uploads\/2019\/12\/cuento_02.jpg\"><\/a>\n                                                                                    <\/li>\n                                                                        <li>\n                                                                                        <a href=\"http:\/\/ifsancho.com\/wp-content\/uploads\/2019\/12\/cuento_01.jpg\" data-description=\" Con &#039;El zorro y el manzano&#039; y  &#039;Las aventuras del Gato Mico&#039;, un proyecto realizado en colaboraci\u00f3n con la dise\u00f1adora Miriam Boh\u00edgas. Redacci\u00f3n e ilustraciones propias.\"\n                                                   class=\" portfolio-group6-2 \" data-groupID=\"6-2\"><img alt=\"Cuentos infantiles\"\n                                                                                                                                                                       data-title=\" cuento_01\"\n                                                                                                                                                                       src=\"https:\/\/ifsancho.com\/wp-content\/uploads\/2019\/12\/cuento_01.jpg\"><\/a>\n                                                                                    <\/li>\n                                                                        <li>\n                                                                                        <a href=\"http:\/\/ifsancho.com\/wp-content\/uploads\/2019\/03\/gato14.jpg\" data-description=\" Con &#039;El zorro y el manzano&#039; y  &#039;Las aventuras del Gato Mico&#039;, un proyecto realizado en colaboraci\u00f3n con la dise\u00f1adora Miriam Boh\u00edgas. Redacci\u00f3n e ilustraciones propias.\"\n                                                   class=\" portfolio-group6-2 \" data-groupID=\"6-2\"><img alt=\"Cuentos infantiles\"\n                                                                                                                                                                       data-title=\" Familia feliz\"\n                                                                                                                                                                       src=\"https:\/\/ifsancho.com\/wp-content\/uploads\/2019\/03\/gato14.jpg\"><\/a>\n                                                                                    <\/li>\n                                                                        <li>\n                                                                                        <a href=\"http:\/\/ifsancho.com\/wp-content\/uploads\/2019\/03\/gato7.jpg\" data-description=\" Con &#039;El zorro y el manzano&#039; y  &#039;Las aventuras del Gato Mico&#039;, un proyecto realizado en colaboraci\u00f3n con la dise\u00f1adora Miriam Boh\u00edgas. Redacci\u00f3n e ilustraciones propias.\"\n                                                   class=\" portfolio-group6-2 \" data-groupID=\"6-2\"><img alt=\"Cuentos infantiles\"\n                                                                                                                                                                       data-title=\" En la oscuridad\"\n                                                                                                                                                                       src=\"https:\/\/ifsancho.com\/wp-content\/uploads\/2019\/03\/gato7.jpg\"><\/a>\n                                                                                    <\/li>\n                                                                <\/ul>\n                        <\/div>\n                                            <div class=\"description-block_2\">\n                            <p>Con 'El zorro y el manzano' y  'Las aventuras del Gato Mico', un proyecto realizado en colaboraci\u00f3n con la dise\u00f1adora Miriam Boh\u00edgas. Redacci\u00f3n e ilustraciones propias.<\/p>\n                        <\/div>\n                                    <\/div>\n            <\/div>\n\n                        <div\n                class=\"portelement portelement_2 colorbox_grouping  \" data-symbol=\"Anuarios y gu\u00edas\" data-category=\"alkaline-earth\">\n                <p style=\"display:none;\" class=\"load_date\">2019-12-20 13:09:28<\/p>\n                <p style=\"display:none;\" class=\"number\">9<\/p>\n                <div class=\"default-block_2 dropdownable\" style=\"\">\n                    <div class=\"image-block image-block_2  add-H-relative\">\n                                                                                    <a href=\"http:\/\/ifsancho.com\/wp-content\/uploads\/2019\/12\/editorial_pek.jpg\" data-description=\" Dise\u00f1o y edici\u00f3n de anuarios, manuales y gu\u00edas t\u00e9cnicas, orientadas a diversos sectores profesionales.\"\n                                       class=\"portfolio-group\" title=\"Anuarios y gu\u00edas\" data-groupID=\"7-2\">\n                                        <img alt=\"Anuarios y gu\u00edas\" data-title=\" editorial_pek\"\n                                             id=\"wd-cl-img6\"\n                                             src=\"https:\/\/ifsancho.com\/wp-content\/uploads\/2019\/12\/editorial_pek.jpg\" \/>\n                                    <\/a>\n                                                        <\/div>\n                    <div class=\"title-block title-block_2\">\n                        <h3 title=\"Anuarios y gu\u00edas\"\n                            class=\"title name\">Anuarios y gu\u00edas<\/h3>\n                        <div class=\"open-close-button\"><\/div>\n                    <\/div>\n                <\/div>\n\n                <div class=\"wd-portfolio-panel wd-portfolio-panel_2\" id=\"panel6\">\n                                            <div>\n                            <ul class=\"thumbs-list_2\">\n                                                                    <li>\n                                                                                        <a href=\"http:\/\/ifsancho.com\/wp-content\/uploads\/2019\/12\/editorial_pek.jpg\" data-description=\" Dise\u00f1o y edici\u00f3n de anuarios, manuales y gu\u00edas t\u00e9cnicas, orientadas a diversos sectores profesionales.\"\n                                                   class=\" portfolio-group7-2 \" data-groupID=\"7-2\"><img alt=\"Anuarios y gu\u00edas\"\n                                                                                                                                                                       data-title=\" editorial_pek\"\n                                                                                                                                                                       src=\"https:\/\/ifsancho.com\/wp-content\/uploads\/2019\/12\/editorial_pek.jpg\"><\/a>\n                                                                                    <\/li>\n                                                                        <li>\n                                                                                        <a href=\"http:\/\/ifsancho.com\/wp-content\/uploads\/2019\/12\/rankings.jpg\" data-description=\" Dise\u00f1o y edici\u00f3n de anuarios, manuales y gu\u00edas t\u00e9cnicas, orientadas a diversos sectores profesionales.\"\n                                                   class=\" portfolio-group7-2 \" data-groupID=\"7-2\"><img alt=\"Anuarios y gu\u00edas\"\n                                                                                                                                                                       data-title=\" rankings\"\n                                                                                                                                                                       src=\"https:\/\/ifsancho.com\/wp-content\/uploads\/2019\/12\/rankings.jpg\"><\/a>\n                                                                                    <\/li>\n                                                                        <li>\n                                                                                        <a href=\"http:\/\/ifsancho.com\/wp-content\/uploads\/2019\/12\/lineasventa.jpg\" data-description=\" Dise\u00f1o y edici\u00f3n de anuarios, manuales y gu\u00edas t\u00e9cnicas, orientadas a diversos sectores profesionales.\"\n                                                   class=\" portfolio-group7-2 \" data-groupID=\"7-2\"><img alt=\"Anuarios y gu\u00edas\"\n                                                                                                                                                                       data-title=\" lineasventa\"\n                                                                                                                                                                       src=\"https:\/\/ifsancho.com\/wp-content\/uploads\/2019\/12\/lineasventa.jpg\"><\/a>\n                                                                                    <\/li>\n                                                                        <li>\n                                                                                        <a href=\"http:\/\/ifsancho.com\/wp-content\/uploads\/2019\/12\/distri_general2.jpg\" data-description=\" Dise\u00f1o y edici\u00f3n de anuarios, manuales y gu\u00edas t\u00e9cnicas, orientadas a diversos sectores profesionales.\"\n                                                   class=\" portfolio-group7-2 \" data-groupID=\"7-2\"><img alt=\"Anuarios y gu\u00edas\"\n                                                                                                                                                                       data-title=\" distri_general2\"\n                                                                                                                                                                       src=\"https:\/\/ifsancho.com\/wp-content\/uploads\/2019\/12\/distri_general2.jpg\"><\/a>\n                                                                                    <\/li>\n                                                                        <li>\n                                                                                        <a href=\"http:\/\/ifsancho.com\/wp-content\/uploads\/2019\/12\/distri_general.jpg\" data-description=\" Dise\u00f1o y edici\u00f3n de anuarios, manuales y gu\u00edas t\u00e9cnicas, orientadas a diversos sectores profesionales.\"\n                                                   class=\" portfolio-group7-2 \" data-groupID=\"7-2\"><img alt=\"Anuarios y gu\u00edas\"\n                                                                                                                                                                       data-title=\" distri_general\"\n                                                                                                                                                                       src=\"https:\/\/ifsancho.com\/wp-content\/uploads\/2019\/12\/distri_general.jpg\"><\/a>\n                                                                                    <\/li>\n                                                                        <li>\n                                                                                        <a href=\"http:\/\/ifsancho.com\/wp-content\/uploads\/2019\/12\/droper_mercadosautonomicos.jpg\" data-description=\" Dise\u00f1o y edici\u00f3n de anuarios, manuales y gu\u00edas t\u00e9cnicas, orientadas a diversos sectores profesionales.\"\n                                                   class=\" portfolio-group7-2 \" data-groupID=\"7-2\"><img alt=\"Anuarios y gu\u00edas\"\n                                                                                                                                                                       data-title=\" droper_mercadosautonomicos\"\n                                                                                                                                                                       src=\"https:\/\/ifsancho.com\/wp-content\/uploads\/2019\/12\/droper_mercadosautonomicos.jpg\"><\/a>\n                                                                                    <\/li>\n                                                                        <li>\n                                                                                        <a href=\"http:\/\/ifsancho.com\/wp-content\/uploads\/2019\/12\/droper_general2.jpg\" data-description=\" Dise\u00f1o y edici\u00f3n de anuarios, manuales y gu\u00edas t\u00e9cnicas, orientadas a diversos sectores profesionales.\"\n                                                   class=\" portfolio-group7-2 \" data-groupID=\"7-2\"><img alt=\"Anuarios y gu\u00edas\"\n                                                                                                                                                                       data-title=\" droper_general2\"\n                                                                                                                                                                       src=\"https:\/\/ifsancho.com\/wp-content\/uploads\/2019\/12\/droper_general2.jpg\"><\/a>\n                                                                                    <\/li>\n                                                                        <li>\n                                                                                        <a href=\"http:\/\/ifsancho.com\/wp-content\/uploads\/2019\/12\/droper_general.jpg\" data-description=\" Dise\u00f1o y edici\u00f3n de anuarios, manuales y gu\u00edas t\u00e9cnicas, orientadas a diversos sectores profesionales.\"\n                                                   class=\" portfolio-group7-2 \" data-groupID=\"7-2\"><img alt=\"Anuarios y gu\u00edas\"\n                                                                                                                                                                       data-title=\" droper_general\"\n                                                                                                                                                                       src=\"https:\/\/ifsancho.com\/wp-content\/uploads\/2019\/12\/droper_general.jpg\"><\/a>\n                                                                                    <\/li>\n                                                                        <li>\n                                                                                        <a href=\"http:\/\/ifsancho.com\/wp-content\/uploads\/2019\/12\/droper_centralescompra.jpg\" data-description=\" Dise\u00f1o y edici\u00f3n de anuarios, manuales y gu\u00edas t\u00e9cnicas, orientadas a diversos sectores profesionales.\"\n                                                   class=\" portfolio-group7-2 \" data-groupID=\"7-2\"><img alt=\"Anuarios y gu\u00edas\"\n                                                                                                                                                                       data-title=\" droper_centralescompra\"\n                                                                                                                                                                       src=\"https:\/\/ifsancho.com\/wp-content\/uploads\/2019\/12\/droper_centralescompra.jpg\"><\/a>\n                                                                                    <\/li>\n                                                                <\/ul>\n                        <\/div>\n                                            <div class=\"description-block_2\">\n                            <p>Dise\u00f1o y edici\u00f3n de anuarios, manuales y gu\u00edas t\u00e9cnicas, orientadas a diversos sectores profesionales.<\/p>\n                        <\/div>\n                                    <\/div>\n            <\/div>\n\n                        <div\n                class=\"portelement portelement_2 colorbox_grouping  \" data-symbol=\"Otras propuestas\" data-category=\"alkaline-earth\">\n                <p style=\"display:none;\" class=\"load_date\">2019-12-30 10:39:47<\/p>\n                <p style=\"display:none;\" class=\"number\">16<\/p>\n                <div class=\"default-block_2 dropdownable\" style=\"\">\n                    <div class=\"image-block image-block_2  add-H-relative\">\n                                                                                    <a href=\"http:\/\/ifsancho.com\/wp-content\/uploads\/2019\/12\/otras_portada.gif\" data-description=\" Propuestas de dise\u00f1o y maquetaci\u00f3n para revistas, suplementos, gu\u00edas y publicaciones de tem\u00e1ticas diversas.\"\n                                       class=\"portfolio-group\" title=\"Otras propuestas\" data-groupID=\"8-2\">\n                                        <img alt=\"Otras propuestas\" data-title=\" Isabel F. Isabel F. Sancho - Dise\u00f1o editorial\"\n                                             id=\"wd-cl-img7\"\n                                             src=\"https:\/\/ifsancho.com\/wp-content\/uploads\/2019\/12\/otras_portada.gif\" \/>\n                                    <\/a>\n                                                        <\/div>\n                    <div class=\"title-block title-block_2\">\n                        <h3 title=\"Otras propuestas\"\n                            class=\"title name\">Otras propuestas<\/h3>\n                        <div class=\"open-close-button\"><\/div>\n                    <\/div>\n                <\/div>\n\n                <div class=\"wd-portfolio-panel wd-portfolio-panel_2\" id=\"panel7\">\n                                            <div>\n                            <ul class=\"thumbs-list_2\">\n                                                                    <li>\n                                                                                        <a href=\"http:\/\/ifsancho.com\/wp-content\/uploads\/2019\/12\/otras_portada.gif\" data-description=\" Propuestas de dise\u00f1o y maquetaci\u00f3n para revistas, suplementos, gu\u00edas y publicaciones de tem\u00e1ticas diversas.\"\n                                                   class=\" portfolio-group8-2 \" data-groupID=\"8-2\"><img alt=\"Otras propuestas\"\n                                                                                                                                                                       data-title=\" Isabel F. Isabel F. Sancho - Dise\u00f1o editorial\"\n                                                                                                                                                                       src=\"https:\/\/ifsancho.com\/wp-content\/uploads\/2019\/12\/otras_portada.gif\"><\/a>\n                                                                                    <\/li>\n                                                                        <li>\n                                                                                        <a href=\"http:\/\/ifsancho.com\/wp-content\/uploads\/2019\/03\/im7-5.jpg\" data-description=\" Propuestas de dise\u00f1o y maquetaci\u00f3n para revistas, suplementos, gu\u00edas y publicaciones de tem\u00e1ticas diversas.\"\n                                                   class=\" portfolio-group8-2 \" data-groupID=\"8-2\"><img alt=\"Otras propuestas\"\n                                                                                                                                                                       data-title=\" Isabel F. Sancho - Dise\u00f1o editorial\"\n                                                                                                                                                                       src=\"https:\/\/ifsancho.com\/wp-content\/uploads\/2019\/03\/im7-5.jpg\"><\/a>\n                                                                                    <\/li>\n                                                                        <li>\n                                                                                        <a href=\"http:\/\/ifsancho.com\/wp-content\/uploads\/2019\/03\/im4-5.jpg\" data-description=\" Propuestas de dise\u00f1o y maquetaci\u00f3n para revistas, suplementos, gu\u00edas y publicaciones de tem\u00e1ticas diversas.\"\n                                                   class=\" portfolio-group8-2 \" data-groupID=\"8-2\"><img alt=\"Otras propuestas\"\n                                                                                                                                                                       data-title=\" im4\"\n                                                                                                                                                                       src=\"https:\/\/ifsancho.com\/wp-content\/uploads\/2019\/03\/im4-5.jpg\"><\/a>\n                                                                                    <\/li>\n                                                                        <li>\n                                                                                        <a href=\"http:\/\/ifsancho.com\/wp-content\/uploads\/2019\/03\/im1-12.jpg\" data-description=\" Propuestas de dise\u00f1o y maquetaci\u00f3n para revistas, suplementos, gu\u00edas y publicaciones de tem\u00e1ticas diversas.\"\n                                                   class=\" portfolio-group8-2 \" data-groupID=\"8-2\"><img alt=\"Otras propuestas\"\n                                                                                                                                                                       data-title=\" im1\"\n                                                                                                                                                                       src=\"https:\/\/ifsancho.com\/wp-content\/uploads\/2019\/03\/im1-12.jpg\"><\/a>\n                                                                                    <\/li>\n                                                                        <li>\n                                                                                        <a href=\"http:\/\/ifsancho.com\/wp-content\/uploads\/2019\/03\/im4-6.jpg\" data-description=\" Propuestas de dise\u00f1o y maquetaci\u00f3n para revistas, suplementos, gu\u00edas y publicaciones de tem\u00e1ticas diversas.\"\n                                                   class=\" portfolio-group8-2 \" data-groupID=\"8-2\"><img alt=\"Otras propuestas\"\n                                                                                                                                                                       data-title=\" im4\"\n                                                                                                                                                                       src=\"https:\/\/ifsancho.com\/wp-content\/uploads\/2019\/03\/im4-6.jpg\"><\/a>\n                                                                                    <\/li>\n                                                                        <li>\n                                                                                        <a href=\"http:\/\/ifsancho.com\/wp-content\/uploads\/2019\/03\/im12-5.jpg\" data-description=\" Propuestas de dise\u00f1o y maquetaci\u00f3n para revistas, suplementos, gu\u00edas y publicaciones de tem\u00e1ticas diversas.\"\n                                                   class=\" portfolio-group8-2 \" data-groupID=\"8-2\"><img alt=\"Otras propuestas\"\n                                                                                                                                                                       data-title=\" im12\"\n                                                                                                                                                                       src=\"https:\/\/ifsancho.com\/wp-content\/uploads\/2019\/03\/im12-5.jpg\"><\/a>\n                                                                                    <\/li>\n                                                                <\/ul>\n                        <\/div>\n                                            <div class=\"description-block_2\">\n                            <p>Propuestas de dise\u00f1o y maquetaci\u00f3n para revistas, suplementos, gu\u00edas y publicaciones de tem\u00e1ticas diversas.<\/p>\n                        <\/div>\n                                    <\/div>\n            <\/div>\n\n                <\/div>\n<\/section>\n<style>\n    \/*** For Toggle-Up Down ***\/\n\n    .portelement_2 .play-icon.youtube-icon  {\n        background: url(https:\/\/ifsancho.com\/wp-content\/plugins\/uber-grid\/assets\/images\/admin\/play.youtube.png) center center no-repeat;\n        background-size: 30% 30%;\n    }\n    .portelement_2 .play-icon.vimeo-icon  {\n        background: url(https:\/\/ifsancho.com\/wp-content\/plugins\/uber-grid\/assets\/images\/admin\/play.vimeo.png) center center no-repeat;\n        background-size: 30% 30%;\n    }\n    .portelement_2 .play-icon {\n        position: absolute;\n        top: 0;\n        left: 0;\n        width: 100%;\n        height: 100%;\n    }\n    .portelement_2 .dropdownable .play-icon {\n        display: none;\n    }\n    .portelement_2  .add-H-relative {\n        position: relative;\n    }\n    .portelement_2 {\n        background:#f7f7f7;\n        width:277px !important;\n        margin: 5px;\n        max-width: calc(100% - 10px) !important;\n        float: left;\n        overflow: hidden;\n        outline:none;\n        border:1px solid #D0D0D0;\n        box-sizing: border-box;\n    }\n\n    .portelement_2.large,\n    .variable-sizes .portelement_2.large,\n    .variable-sizes .portelement_2.large.width2.height2 {\n        max-width: 275px;\n        width: 100%;\n        z-index: 10;\n    }\n\n    .default-block_2 {\n        position:relative;\n        max-width:275px !important;\n        width: 100%;\n        height:195px !important;\n    }\n\n    .default-block_2 .image-block_2 {\n        margin:0;\n        padding: 0;\n        line-height: 0;\n        border-bottom:1px solid #D0D0D0;\n        height:160px !important;\n    }\n\n    .default-block_2 .image-block_2 a {\n        display:block;\n        height:160px !important;\n        overflow: hidden;\n        position:relative;\n        border: none;\n        box-shadow: none;\n    }\n\n    .portelement_2 .default-block_2 img {\n        margin: 0 !important;\n        padding: 0 !important;\n        max-width:275px ;\n        max-width:none !important;\n        border-radius: 0;\n            height: 100%;\n        width: 100%;\n        }\n\n    .default-block_2 .title-block_2 {\n        position:relative;\n        display:block;\n        height: 34px;\n        padding: 0 0 0 0;\n        max-width:275px !important;\n        width: 100%;\n    }\n\n    .default-block_2 .title-block_2 h3 {\n        position:relative;\n        margin: 0 !important;\n        padding: 0 0 0 5px !important;\n        max-width:245px !important;\n        width: 80%;\n        text-overflow: ellipsis;\n        overflow: hidden;\n        white-space:nowrap;\n        font-weight:normal;\n        color:#555555;\n        font-size:15px !important;\n        line-height: normal !important;\n        top: 50%;\n        transform: translateY(-50%);\n    }\n\n    .portelement_2 .title-block_2 .open-close-button {\n        width:20px;\n        height:20px;\n        display:block;\n        position:absolute;\n        top:50%;\n        right:2%;\n        background:url('https:\/\/ifsancho.com\/wp-content\/plugins\/uber-grid\/assets\/images\/admin\/open-close.dark.png') left top no-repeat;\n        z-index:5;\n        cursor:pointer;\n        opacity:0.33;\n        transform: translateY( -50%);\n    }\n\n    .portelement_2:hover .title-block_2 .open-close-button {opacity:1;}\n\n    .portelement_2.large .open-close-button {\n        background:url('https:\/\/ifsancho.com\/wp-content\/plugins\/uber-grid\/assets\/images\/admin\/open-close.dark.png') left bottom no-repeat;\n    }\n\n    .wd-portfolio-panel_2 {\n        position: absolute;\n        display:block;\n        width:265px !important;\n        margin: 0 5px 0 5px;\n        padding: 0;\n        text-align:left;\n        top:195px;\n        z-index:6;\n        height:200px;\n    }\n\n\n    .wd-portfolio-panel_2 .description-block_2, .portelement_2 div.right-block .description-block_2 * {\n        position:relative;\n        clear:both;\n    }\n\n    .wd-portfolio-panel_2 .description-block_2 p,.wd-portfolio-panel_2 .description-block_2 * {\n        text-align:justify;\n        \/*font-weight:normal;*\/\n        font-size:14px;\n        color:#5b5b5b;\n        margin: 0;\n        padding: 0;\n    }\n\n\n\n    .wd-portfolio-panel_2 .description-block_2 h1,\n    .wd-portfolio-panel_2 .description-block_2 h2,\n    .wd-portfolio-panel_2 .description-block_2 h3,\n    .wd-portfolio-panel_2 .description-block_2 h4,\n    .wd-portfolio-panel_2 .description-block_2 h5,\n    .wd-portfolio-panel_2 .description-block_2 h6,\n    .wd-portfolio-panel_2 .description-block_2 p,\n    .wd-portfolio-panel_2 .description-block_2 strong,\n    .wd-portfolio-panel_2 .description-block_2 span {\n        padding:2px !important;\n        margin: 0 !important;\n    }\n\n    .wd-portfolio-panel_2 .description-block_2 ul,\n    .wd-portfolio-panel_2 .description-block_2 li {\n        padding:2px 0 2px 5px;\n        margin: 0 0 0 8px;\n    }\n\n\n    .wd-portfolio-panel_2 .thumbs-list_2 {\n        position:relative;\n        clear:both;\n        list-style:none;\n        display:table;\n        width:100%;\n        padding: 0;\n        margin:3px 0 0 0;\n        text-align:center;\n    }\n\n    .wd-portfolio-panel_2 .thumbs-list_2 li {\n        display:inline-block;\n        margin: 0 3px 0 2px;\n    }\n\n    .wd-portfolio-panel_2 .thumbs-list_2 li a {\n        display:block;\n        width:75px;\n        height:75px;\n        opacity:0.7;\n        display:table;\n        border: none;\n        box-shadow: none;\n    }\n\n    .wd-portfolio-panel_2 .thumbs-list_2 li a:hover {\n        opacity:1;\n    }\n\n    .wd-portfolio-panel_2 img {\n        margin: 0 !important;\n        padding: 0 !important;\n        display:table-cell;\n        vertical-align:middle;\n        width:75px !important;\n        max-height:75px !important;\n        width:100%;\n        height:100%;\n    }\n\n    .wd-portfolio-panel_2 > div {\n        position:relative;\n        clear:both;\n        padding-top:10px;\n        margin-bottom:10px;\n            background:url('https:\/\/ifsancho.com\/wp-content\/plugins\/uber-grid\/assets\/images\/admin\/divider.line.png') center top repeat-x;\n        }\n\n    .wd-portfolio-panel_2 .button-block {\n        padding-top:10px;\n        margin-bottom:10px;\n\n    }\n\n    .wd-portfolio-panel_2 .button-block a, .wd-portfolio-panel_2 .button-block a:link, .wd-portfolio-panel_2 .button-block a:visited {\n        padding:6px 12px;\n        text-decoration:none;\n        display:inline-block;\n        font-size:14px;\n        background:#e74c3c;\n        color:#ffffff;\n    }\n\n    .wd-portfolio-panel_2 .button-block a:hover, .wd-portfolio-panel_2 .button-block a:focus, .wd-portfolio-panel_2 .button-block a:active {\n        background:#df2e1b;\n        color:#ffffff;\n        text-decoration:none;\n    }\n\n    #pfhub_portfolio_content_2 #pfhub_portfolio_options_2 {\n        position: relative;\n        overflow: hidden;\n    float:;margin-top:5px;max-width:180px;width:20%;display:inline-block;margin-left:1%;\n    opacity: 0;        margin-bottom: 10px;\n    }\n\n    #pfhub_portfolio_content_2 #pfhub_portfolio_options_2 ul {\n        margin: 0 !important;\n        padding: 0 !important;\n        list-style: none;\n        }\n\n    #pfhub_portfolio_content_2 #pfhub_portfolio_filters_2 ul {\n        margin: 0 !important;\n        padding: 0 !important;\n        overflow: hidden;\n            width: 100%;\n    }\n\n    \n    #pfhub_portfolio_content_2 #pfhub_portfolio_options_2 ul li {\n        border-radius: 0px;\n        list-style-type: none;\n        margin: 0 !important;\n        padding: 0;\n    border: 1px solid #ccc;    }\n\n    #pfhub_portfolio_content_2 #pfhub_portfolio_options_2 ul li a {\n        background-color: #F7F7F7 !important;\n        font-size:14px !important;\n        color:#555555 !important;\n        border-radius: 0px;\n        text-decoration: none;\n        cursor: pointer;\n        margin: 0 !important;\n        display: block;\n        padding:3px;\n    }\n\n    \/*#pfhub_portfolio_content_2 #pfhub_portfolio_options_2 ul li:hover {\n\n}*\/\n\n    #pfhub_portfolio_content_2 #pfhub_portfolio_options_2 ul li a:hover {\n        background-color: #FF3845 !important;\n        color:#ffffff !important;\n        cursor: pointer;\n    }\n\n    #pfhub_portfolio_content_2 #pfhub_portfolio_filters_2 {\n        position: relative;\n        overflow: hidden;\n    float:;margin-top:5px;max-width:180px;width:20%;display:inline-block;margin-left:1%;\n    opacity: 0;    }\n\n    #pfhub_portfolio_content_2 #pfhub_portfolio_filters_2 ul li {\n        list-style-type: none;\n        border-radius: 0px;\n    border: 1px solid #ccc;    }\n\n    #pfhub_portfolio_content_2 #pfhub_portfolio_filters_2 ul li a,\n    #pfhub_portfolio_content_2 #pfhub_portfolio_filters_2 ul li a:link,\n    #pfhub_portfolio_content_2 #pfhub_portfolio_filters_2 ul li a:visited {\n        font-size:14px !important;\n        color:#555555 !important;\n        background-color: #F7F7F7 !important;\n        border-radius: 0px;\n        padding: 3px;\n        display: block;\n        text-decoration: none;\n    }\n\n    #pfhub_portfolio_content_2 #pfhub_portfolio_filters_2  ul li a:hover,\n    #pfhub_portfolio_content_2 #pfhub_portfolio_filters_2  ul li a:focus,\n    #pfhub_portfolio_content_2 #pfhub_portfolio_filters_2  ul li a:active {\n        color:#ffffff !important;\n        background-color: #FF3845 !important;\n        cursor: pointer;\n    }\n\n    #pfhub_portfolio_content_2 #pfhub_portfolio_filters_2 ul li.active a,\n    #pfhub_portfolio_content_2 #pfhub_portfolio_filters_2 ul li.active a:link,\n    #pfhub_portfolio_content_2 #pfhub_portfolio_filters_2 ul li.active a:visited,\n    #pfhub_portfolio_content_2 #pfhub_portfolio_filters_2  ul li.active a:hover,\n    #pfhub_portfolio_content_2 #pfhub_portfolio_filters_2  ul li.active a:focus,\n    #pfhub_portfolio_content_2 #pfhub_portfolio_filters_2  ul li.active a:active {\n        color:#ffffff !important;\n        background-color: #FF3845 !important;\n        cursor: pointer;\n    }\n\n    section#pfhub_portfolio_content_2 {\n        position:relative;\n        display:block;\n    }\n\n    #pfhub_portfolio_content_2 #pfhub_portfolio_container_2 {\n        width: 79%;\n        max-width: 100%;\n    width:100%;opacity: 0;    }\n    #pfhub_portfolio_content_2 #pfhub_portfolio_options_2 #port-sort-direction{\n        position: static;\n    }\n    @media screen and (max-width: 768px) {\n\n        #pfhub_portfolio_content_2 #pfhub_portfolio_filters_2 ul li a,\n        #pfhub_portfolio_content_2 #pfhub_portfolio_filters_2 ul li a:link,\n        #pfhub_portfolio_content_2 #pfhub_portfolio_filters_2 ul li a:visited {\n            font-size: 2vw !important;\n        }\n        #pfhub_portfolio_content_2 #pfhub_portfolio_options_2 ul li a {\n            font-size:2vw !important;\n        }\n\n    }\n    @media screen and (max-width: 480px) {\n        #pfhub_portfolio_container_2{\n            width:100%;\n        }\n        #pfhub_portfolio_content_2 #pfhub_portfolio_options_2 {\n            float: left;\n        }\n        #pfhub_portfolio_content_2 #pfhub_portfolio_options_2 #sort-by{\n            float: left;\n            width: 100% !important;\n        }\n        #pfhub_portfolio_content_2 #pfhub_portfolio_options_2 #port-sort-direction{\n            float: left;\n            width: 100% !important;\n            position: relative;\n            padding-left: 31% !important;\n            right: 31%;\n        }\n        #pfhub_portfolio_content_2 #pfhub_portfolio_filters_2 ul li a,\n        #pfhub_portfolio_content_2 #pfhub_portfolio_filters_2 ul li a:link,\n        #pfhub_portfolio_content_2 #pfhub_portfolio_filters_2 ul li a:visited {\n            font-size: 3vw !important;\n        }\n        #pfhub_portfolio_content_2 #pfhub_portfolio_options_2 ul li a {\n            line-height: 3vw;\n            font-size:3vw !important;\n        }\n    }\n    @media screen and (max-width: 420px) {\n\n        #pfhub_portfolio_content_2 #pfhub_portfolio_filters_2 ul li a,\n        #pfhub_portfolio_content_2 #pfhub_portfolio_filters_2 ul li a:link,\n        #pfhub_portfolio_content_2 #pfhub_portfolio_filters_2 ul li a:visited {\n            font-size: 4vw !important;\n        }\n        #pfhub_portfolio_content_2 #pfhub_portfolio_options_2 ul li a {\n            font-size:4vw !important;\n        }\n    }\n    @media screen and (max-width: 317px) {\n        .portelement_2  {\n            width:98%;\n            margin: 1% !important;\n            float: left;\n            overflow: hidden;\n            outline:none;\n            border:1px solid #D0D0D0;\n        }\n        .wd-portfolio-panel_2 {\n            width: calc(100% - 10px) !important;\n        }\n    }\n    #pfhub_portfolio-container-loading-overlay_2 {\n        width: 100%;\n        height: 100%;\n        position: absolute;\n        z-index: 1;\n        background:  url(https:\/\/ifsancho.com\/wp-content\/plugins\/uber-grid\/assets\/images\/loading\/loading-1.svg) center top ;\n        background-repeat: no-repeat;\n        background-size: 60px auto;\n        }\n    #pfhub_portfolio_options_and_filters_2{\n        position: relative;\n        float: left;\n        width: 20%;\n        max-width: 180px;\n        float:;\n    margin-left:1%;        margin-top: 5px;\n    }\n<\/style>\n\n\n\n\n<div style=\"height:50px\" aria-hidden=\"true\" class=\"wp-block-spacer\"><\/div>\n\n\n\n<p>\u00bfHas escrito un<strong> libro<\/strong> y necesitas ayuda para editarlo? \u00bfTe gustar\u00eda crear un <strong>cuento personalizado<\/strong> para tus hijos? \u00bfO quiz\u00e1s buscas un dise\u00f1o profesional para tus <strong>publicaciones corporativas<\/strong>? Gu\u00edas t\u00e9cnicas, manuales, comunicados y notas de prensa, newsletters&#8230; Contar con los servicios de un <strong>dise\u00f1ador freelancer<\/strong> te ser\u00e1 de gran ayuda en todos estos casos. Si necesitas m\u00e1s detalles, en esta web podr\u00e1s consultar todos mis servicios dentro del \u00e1rea del <strong><a href=\"http:\/\/ifsancho.com\/#servicios\">dise\u00f1o editorial, gr\u00e1fico y web<\/a><\/strong>, con los que completar tu plan de comunicaci\u00f3n.<\/p>\n\n\n\n<div class=\"wp-block-image\"><figure class=\"aligncenter size-medium is-resized\"><img src=\"http:\/\/ifsancho.com\/wp-content\/uploads\/2019\/12\/printing-plate-1030849_1920-300x200.jpg\" alt=\"Dise\u00f1o editorial - Isabel F.S ancho\" class=\"wp-image-998\" width=\"439\" height=\"293\" srcset=\"https:\/\/ifsancho.com\/wp-content\/uploads\/2019\/12\/printing-plate-1030849_1920-300x200.jpg 300w, https:\/\/ifsancho.com\/wp-content\/uploads\/2019\/12\/printing-plate-1030849_1920-1024x682.jpg 1024w, https:\/\/ifsancho.com\/wp-content\/uploads\/2019\/12\/printing-plate-1030849_1920-768x512.jpg 768w, https:\/\/ifsancho.com\/wp-content\/uploads\/2019\/12\/printing-plate-1030849_1920-500x333.jpg 500w, https:\/\/ifsancho.com\/wp-content\/uploads\/2019\/12\/printing-plate-1030849_1920-800x533.jpg 800w, https:\/\/ifsancho.com\/wp-content\/uploads\/2019\/12\/printing-plate-1030849_1920-1280x853.jpg 1280w, https:\/\/ifsancho.com\/wp-content\/uploads\/2019\/12\/printing-plate-1030849_1920-1536x1023.jpg 1536w, https:\/\/ifsancho.com\/wp-content\/uploads\/2019\/12\/printing-plate-1030849_1920-360x240.jpg 360w, https:\/\/ifsancho.com\/wp-content\/uploads\/2019\/12\/printing-plate-1030849_1920.jpg 1920w\" sizes=\"(max-width: 439px) 100vw, 439px\" \/><\/figure><\/div>\n\n\n\n<p>Por supuesto, dentro de esta rama del dise\u00f1o tampoco podemos olvidar el<strong> dise\u00f1o y edici\u00f3n<\/strong> de <strong>prensa<\/strong> y<strong> publicaciones peri\u00f3dicas<\/strong>, como revistas y publicaciones t\u00e9cnicas. En la prensa diaria, cada jornada supone un nuevo desaf\u00edo, donde nunca sobra el tiempo ni faltan los imprevistos y las sorpresas. La creatividad es tan necesaria como la experiencia en estos casos para generar <strong>soluciones alternativas<\/strong>, ajust\u00e1ndose rigurosamente a los tiempos. Un mundo fascinante y cautivador, si eres capaz de seguir su ritmo trepidante, en el que cada d\u00eda es una oportunidad para seguir aprendiendo y creciendo profesionalmente.<\/p>\n\n\n\n<p>Adem\u00e1s, si necesitas dotar de contenido a tus publicaciones, \u00bfpor qu\u00e9 no confiar en un<a href=\"http:\/\/ifsancho.com\/index.php\/periodismo-y-comunicacion-en-madrid\"> <strong>redactor freelance<\/strong><\/a>? Gracias a mi doble formaci\u00f3n como <strong>periodista y dise\u00f1adora<\/strong>, puedo ofrecerte un <strong>servicio integral<\/strong> para este tipo de proyectos, asumiendo tanto el dise\u00f1o como la creaci\u00f3n de contenidos. Porque, contando con los recursos adecuados y grandes dosis de creatividad, \u00a1no hay retos imposibles de superar!<\/p>\n\n\n\n<div style=\"height:30px\" aria-hidden=\"true\" class=\"wp-block-spacer\"><\/div>\n","protected":false},"excerpt":{"rendered":"<p>El dise\u00f1o editorial te ayudar\u00e1 a presentar tus publicaciones impresas o digitales de una forma impecable. Para adaptarnos a los cambios constantes del sector de la comunicaci\u00f3n, mi experiencia en dise\u00f1o editorial abarca desde las publicaciones impresas&nbsp;hasta la maquetaci\u00f3n HTML para la creaci\u00f3n de contenidos digitales interactivos, orientados sobre todo [&hellip;]<\/p>\n","protected":false},"author":1,"featured_media":0,"parent":0,"menu_order":0,"comment_status":"closed","ping_status":"closed","template":"","meta":[],"yoast_head":"<!-- This site is optimized with the Yoast SEO plugin v16.2 - https:\/\/yoast.com\/wordpress\/plugins\/seo\/ -->\n<title>Dise\u00f1o editorial - Portfolio online I.F.Sancho - \u00a1Despierta la creatividad!<\/title>\n<meta name=\"description\" content=\"\u00bfBuscas un dise\u00f1o editorial de calidad para tus publicaciones? Prensa diaria, revistas t\u00e9cnicas, cuentos infantiles...\u00a1Descubre nuestras propuestas!\" \/>\n<meta name=\"robots\" content=\"index, follow, max-snippet:-1, max-image-preview:large, max-video-preview:-1\" \/>\n<link rel=\"canonical\" href=\"https:\/\/ifsancho.com\/index.php\/diseno-editorial-portfolio\/\" \/>\n<meta property=\"og:locale\" content=\"es_ES\" \/>\n<meta property=\"og:type\" content=\"article\" \/>\n<meta property=\"og:title\" content=\"Dise\u00f1o editorial - Portfolio online I.F.Sancho - \u00a1Despierta la creatividad!\" \/>\n<meta property=\"og:description\" content=\"\u00bfBuscas un dise\u00f1o editorial de calidad para tus publicaciones? Prensa diaria, revistas t\u00e9cnicas, cuentos infantiles...\u00a1Descubre nuestras propuestas!\" \/>\n<meta property=\"og:url\" content=\"https:\/\/ifsancho.com\/index.php\/diseno-editorial-portfolio\/\" \/>\n<meta property=\"og:site_name\" content=\"Isabel F. Sancho\" \/>\n<meta property=\"article:modified_time\" content=\"2020-01-10T10:55:50+00:00\" \/>\n<meta property=\"og:image\" content=\"http:\/\/ifsancho.com\/wp-content\/uploads\/2019\/12\/printing-plate-1030849_1920-300x200.jpg\" \/>\n<meta name=\"twitter:card\" content=\"summary_large_image\" \/>\n<meta name=\"twitter:label1\" content=\"Tiempo de lectura\">\n\t<meta name=\"twitter:data1\" content=\"2 minutos\">\n<script type=\"application\/ld+json\" class=\"yoast-schema-graph\">{\"@context\":\"https:\/\/schema.org\",\"@graph\":[{\"@type\":[\"Person\",\"Organization\"],\"@id\":\"https:\/\/ifsancho.com\/#\/schema\/person\/544b8c3e50e85356cc1b231deb8b178b\",\"name\":\"admin5062\",\"image\":{\"@type\":\"ImageObject\",\"@id\":\"https:\/\/ifsancho.com\/#personlogo\",\"inLanguage\":\"es\",\"url\":\"https:\/\/secure.gravatar.com\/avatar\/e2901886fd550c6329d95cf5cf69f6f7?s=96&d=mm&r=g\",\"contentUrl\":\"https:\/\/secure.gravatar.com\/avatar\/e2901886fd550c6329d95cf5cf69f6f7?s=96&d=mm&r=g\",\"caption\":\"admin5062\"},\"logo\":{\"@id\":\"https:\/\/ifsancho.com\/#personlogo\"}},{\"@type\":\"WebSite\",\"@id\":\"https:\/\/ifsancho.com\/#website\",\"url\":\"https:\/\/ifsancho.com\/\",\"name\":\"Isabel F. Sancho\",\"description\":\"Servicios freelance de dise\\u00f1o y comunicaci\\u00f3n\",\"publisher\":{\"@id\":\"https:\/\/ifsancho.com\/#\/schema\/person\/544b8c3e50e85356cc1b231deb8b178b\"},\"potentialAction\":[{\"@type\":\"SearchAction\",\"target\":\"https:\/\/ifsancho.com\/?s={search_term_string}\",\"query-input\":\"required name=search_term_string\"}],\"inLanguage\":\"es\"},{\"@type\":\"ImageObject\",\"@id\":\"https:\/\/ifsancho.com\/index.php\/diseno-editorial-portfolio\/#primaryimage\",\"inLanguage\":\"es\",\"url\":\"http:\/\/ifsancho.com\/wp-content\/uploads\/2019\/12\/printing-plate-1030849_1920-300x200.jpg\",\"contentUrl\":\"http:\/\/ifsancho.com\/wp-content\/uploads\/2019\/12\/printing-plate-1030849_1920-300x200.jpg\"},{\"@type\":\"WebPage\",\"@id\":\"https:\/\/ifsancho.com\/index.php\/diseno-editorial-portfolio\/#webpage\",\"url\":\"https:\/\/ifsancho.com\/index.php\/diseno-editorial-portfolio\/\",\"name\":\"Dise\\u00f1o editorial - Portfolio online I.F.Sancho - \\u00a1Despierta la creatividad!\",\"isPartOf\":{\"@id\":\"https:\/\/ifsancho.com\/#website\"},\"primaryImageOfPage\":{\"@id\":\"https:\/\/ifsancho.com\/index.php\/diseno-editorial-portfolio\/#primaryimage\"},\"datePublished\":\"2019-12-12T10:12:02+00:00\",\"dateModified\":\"2020-01-10T10:55:50+00:00\",\"description\":\"\\u00bfBuscas un dise\\u00f1o editorial de calidad para tus publicaciones? Prensa diaria, revistas t\\u00e9cnicas, cuentos infantiles...\\u00a1Descubre nuestras propuestas!\",\"breadcrumb\":{\"@id\":\"https:\/\/ifsancho.com\/index.php\/diseno-editorial-portfolio\/#breadcrumb\"},\"inLanguage\":\"es\",\"potentialAction\":[{\"@type\":\"ReadAction\",\"target\":[\"https:\/\/ifsancho.com\/index.php\/diseno-editorial-portfolio\/\"]}]},{\"@type\":\"BreadcrumbList\",\"@id\":\"https:\/\/ifsancho.com\/index.php\/diseno-editorial-portfolio\/#breadcrumb\",\"itemListElement\":[{\"@type\":\"ListItem\",\"position\":1,\"item\":{\"@type\":\"WebPage\",\"@id\":\"https:\/\/ifsancho.com\/\",\"url\":\"https:\/\/ifsancho.com\/\",\"name\":\"Portada\"}},{\"@type\":\"ListItem\",\"position\":2,\"item\":{\"@id\":\"https:\/\/ifsancho.com\/index.php\/diseno-editorial-portfolio\/#webpage\"}}]}]}<\/script>\n<!-- \/ Yoast SEO plugin. -->","_links":{"self":[{"href":"https:\/\/ifsancho.com\/index.php\/wp-json\/wp\/v2\/pages\/458"}],"collection":[{"href":"https:\/\/ifsancho.com\/index.php\/wp-json\/wp\/v2\/pages"}],"about":[{"href":"https:\/\/ifsancho.com\/index.php\/wp-json\/wp\/v2\/types\/page"}],"author":[{"embeddable":true,"href":"https:\/\/ifsancho.com\/index.php\/wp-json\/wp\/v2\/users\/1"}],"replies":[{"embeddable":true,"href":"https:\/\/ifsancho.com\/index.php\/wp-json\/wp\/v2\/comments?post=458"}],"version-history":[{"count":35,"href":"https:\/\/ifsancho.com\/index.php\/wp-json\/wp\/v2\/pages\/458\/revisions"}],"predecessor-version":[{"id":1304,"href":"https:\/\/ifsancho.com\/index.php\/wp-json\/wp\/v2\/pages\/458\/revisions\/1304"}],"wp:attachment":[{"href":"https:\/\/ifsancho.com\/index.php\/wp-json\/wp\/v2\/media?parent=458"}],"curies":[{"name":"wp","href":"https:\/\/api.w.org\/{rel}","templated":true}]}}